{"id":921,"date":"2018-06-12T14:59:17","date_gmt":"2018-06-12T12:59:17","guid":{"rendered":"http:\/\/grafenprofessional.eu\/o-nas\/"},"modified":"2022-01-13T12:29:25","modified_gmt":"2022-01-13T11:29:25","slug":"ueber-uns","status":"publish","type":"page","link":"https:\/\/grafenprofessional.eu\/de\/ueber-uns\/","title":{"rendered":"\u00dcber uns"},"content":{"rendered":"<section class=\"l-section wpb_row us_custom_6df4bc3a naglowek-h has_text_color height_large with_img\"><div class=\"l-section-img\" role=\"img\" data-img-width=\"1920\" data-img-height=\"330\" style=\"background-image: url(https:\/\/grafenprofessional.eu\/wp-content\/uploads\/2018\/06\/naglowek-o-nas.jpg);\"><\/div><div class=\"l-section-h i-cf\"><div class=\"g-cols vc_row via_flex valign_top type_default stacking_default\"><div class=\"vc_col-sm-12 wpb_column vc_column_container\"><div class=\"vc_column-inner\"><div class=\"wpb_wrapper\"><div class=\"wpb_text_column text-center\"><div class=\"wpb_wrapper\"><h1>\u00dcber uns<\/h1>\n<\/div><\/div><\/div><\/div><\/div><\/div><\/div><\/section><section class=\"l-section wpb_row mb0-onas height_large\"><div class=\"l-section-h i-cf\"><div class=\"g-cols vc_row via_flex valign_top type_default stacking_default\"><div class=\"vc_col-sm-9 wpb_column vc_column_container us_animate_afl\" style=\"animation-delay:0.2s\"><div class=\"vc_column-inner\"><div class=\"wpb_wrapper\"><div class=\"wpb_text_column text-justify\"><div class=\"wpb_wrapper\"><h2><strong>Geschichte<\/strong> der Firma<\/h2>\n<p>Die Geschichte der Firma Madejski reicht bis ins Jahr 1995 zur\u00fcck, als wir mit der Lieferung von Produkten f\u00fcr Branchen wie Automobil, Landwirtschaft, Schwerindustrie, Maschinenbau und Bauwesen begannen. Aufgrund\u00a0 unserer Erfahrungen und Beobachtungen haben wir die Marke Grafen Professional eingef\u00fchrt, die eine Antwort auf die Forderung des Automobilmarktes nach h\u00f6chster Qualit\u00e4t der KFZ-Chemie ist. Die Priorit\u00e4t von Madejski ist Qualit\u00e4t und Professionalit\u00e4t. Bevor Grafen Professional-Produkte auf den Markt kamen, wurden sie zahlreichen Tests \u00a0unterzogen und anschlie\u00dfend wurde ein Zertifizierungsprozess durchgef\u00fchrt.Im August 2010 best\u00e4tigte die Zertifizierungsstelle Det Norske Veritas, dass das Managementsystem des Unternehmens die Anforderungen der ISO 9001: 2008 erf\u00fcllt.<\/p>\n<p>Unser eigenes Labor und ein spezialisiertes Team von Chemikern kreiert spezialisierte, qualitativ hochwertige Produkte, die im anspruchsvollen\u00a0 Markt der mechanischen Werkst\u00e4tten und in vielen Industriezweigen verwendet werden.<\/p>\n<p>Zu unserem Produktsortiment z\u00e4hlt eine breite Palette von technischen Mittel definiert als aufgabenorientiert, wo die Formeln in Richtung einer bestimmten Nachfrage erstellt werden. Alle Produkte sind ausschlie\u00dflich Eigenproduktion. Jedes Produkt wird w\u00e4hrend des Produktionsprozesses getestet.<\/p>\n<p><a href=\"https:\/\/grafenprofessional.eu\/wp-content\/uploads\/2022\/01\/4a-Klauzula-informacyjna-przetwarzanie-danych-osobowych_DE.docx\">Hier<\/a> Konnen Sie uber RODO Politik lesen.<\/p>\n<p>Aufgrund der Anwendung wurden die Grafen Professional Produkte in folgende Gruppen unterteilt:<\/p>\n<\/div><\/div><div class=\"g-cols wpb_row lista-onas via_flex valign_top type_default stacking_default\"><div class=\"vc_col-sm-4 wpb_column vc_column_container\"><div class=\"vc_column-inner\"><div class=\"wpb_wrapper\"><div class=\"uavc-list-icon uavc-list-icon-wrapper ult-adjust-bottom-margin   \"><ul class=\"uavc-list\"><li><div class=\"uavc-list-content\" id=\"list-icon-wrap-9612\">\n<div class=\"uavc-list-icon  \" data-animation=\"\" data-animation-delay=\"03\" style=\"margin-right:5px;\"><div class=\"ult-just-icon-wrapper  \"><div class=\"align-icon\" style=\"text-align:center;\">\n<div class=\"aio-icon none \"  style=\"color:#cd151b;font-size:20px;display:inline-block;\">\n\t<i class=\"Defaults-angle-double-right\"><\/i>\n<\/div><\/div><\/div>\n<\/div><span  data-ultimate-target='#list-icon-wrap-9612 .uavc-list-desc'  data-responsive-json-new='{\"font-size\":\"\",\"line-height\":\"\"}'  class=\"uavc-list-desc ult-responsive\" style=\"\">Kosmetische Chemie <\/span><\/div><\/li><\/ul><\/div><\/div><\/div><\/div><div class=\"vc_col-sm-4 wpb_column vc_column_container\"><div class=\"vc_column-inner\"><div class=\"wpb_wrapper\"><div class=\"uavc-list-icon uavc-list-icon-wrapper ult-adjust-bottom-margin   \"><ul class=\"uavc-list\"><li><div class=\"uavc-list-content\" id=\"list-icon-wrap-9434\">\n<div class=\"uavc-list-icon  \" data-animation=\"\" data-animation-delay=\"03\" style=\"margin-right:5px;\"><div class=\"ult-just-icon-wrapper  \"><div class=\"align-icon\" style=\"text-align:center;\">\n<div class=\"aio-icon none \"  style=\"color:#cd151b;font-size:20px;display:inline-block;\">\n\t<i class=\"Defaults-angle-double-right\"><\/i>\n<\/div><\/div><\/div>\n<\/div><span  data-ultimate-target='#list-icon-wrap-9434 .uavc-list-desc'  data-responsive-json-new='{\"font-size\":\"\",\"line-height\":\"\"}'  class=\"uavc-list-desc ult-responsive\" style=\"\">Werkstatt-Chemie <\/span><\/div><\/li><\/ul><\/div><\/div><\/div><\/div><div class=\"vc_col-sm-4 wpb_column vc_column_container\"><div class=\"vc_column-inner\"><div class=\"wpb_wrapper\"><div class=\"uavc-list-icon uavc-list-icon-wrapper ult-adjust-bottom-margin   \"><ul class=\"uavc-list\"><li><div class=\"uavc-list-content\" id=\"list-icon-wrap-9248\">\n<div class=\"uavc-list-icon  \" data-animation=\"\" data-animation-delay=\"03\" style=\"margin-right:5px;\"><div class=\"ult-just-icon-wrapper  \"><div class=\"align-icon\" style=\"text-align:center;\">\n<div class=\"aio-icon none \"  style=\"color:#cd151b;font-size:20px;display:inline-block;\">\n\t<i class=\"Defaults-angle-double-right\"><\/i>\n<\/div><\/div><\/div>\n<\/div><span  data-ultimate-target='#list-icon-wrap-9248 .uavc-list-desc'  data-responsive-json-new='{\"font-size\":\"\",\"line-height\":\"\"}'  class=\"uavc-list-desc ult-responsive\" style=\"\">Klebe- und Dichtungsmittel <\/span><\/div><\/li><\/ul><\/div><\/div><\/div><\/div><\/div><\/div><\/div><\/div><div class=\"vc_col-sm-3 wpb_column vc_column_container ikony-onas us_animate_afr\" style=\"animation-delay:0.2s\"><div class=\"vc_column-inner\"><div class=\"wpb_wrapper\"><div class=\"w-image align_center\"><div class=\"w-image-h\"><img decoding=\"async\" width=\"80\" height=\"80\" src=\"https:\/\/grafenprofessional.eu\/wp-content\/uploads\/2018\/06\/ikona-01.png\" class=\"attachment-full size-full\" alt=\"\" loading=\"lazy\" \/><\/div><\/div><div class=\"wpb_text_column text-center\"><div class=\"wpb_wrapper\"><p>die h\u00f6chsten <strong>Standards<\/strong><\/p>\n<\/div><\/div><div class=\"w-separator size_small with_line width_30 thick_1 style_solid color_border align_center\"><div class=\"w-separator-h\"><\/div><\/div><div class=\"w-image align_center\"><div class=\"w-image-h\"><img decoding=\"async\" width=\"80\" height=\"80\" src=\"https:\/\/grafenprofessional.eu\/wp-content\/uploads\/2018\/06\/ikona-02.png\" class=\"attachment-full size-full\" alt=\"\" loading=\"lazy\" \/><\/div><\/div><div class=\"wpb_text_column text-center\"><div class=\"wpb_wrapper\"><p>eine gro\u00dfe<strong> Auswahl<\/strong><\/p>\n<\/div><\/div><div class=\"w-separator size_small with_line width_30 thick_1 style_solid color_border align_center\"><div class=\"w-separator-h\"><\/div><\/div><div class=\"w-image align_center\"><div class=\"w-image-h\"><img decoding=\"async\" width=\"80\" height=\"80\" src=\"https:\/\/grafenprofessional.eu\/wp-content\/uploads\/2018\/06\/ikona-03.png\" class=\"attachment-full size-full\" alt=\"\" loading=\"lazy\" \/><\/div><\/div><div class=\"wpb_text_column text-center\"><div class=\"wpb_wrapper\"><p><strong>Weltklasse<\/strong><\/p>\n<\/div><\/div><div class=\"w-separator size_small with_line width_30 thick_1 style_solid color_border align_center\"><div class=\"w-separator-h\"><\/div><\/div><div class=\"w-image align_center\"><div class=\"w-image-h\"><img decoding=\"async\" width=\"80\" height=\"80\" src=\"https:\/\/grafenprofessional.eu\/wp-content\/uploads\/2018\/06\/ikona-04.png\" class=\"attachment-full size-full\" alt=\"\" loading=\"lazy\" \/><\/div><\/div><div class=\"wpb_text_column text-center\"><div class=\"wpb_wrapper\"><p>erste <strong>Qualit\u00e4t<\/strong><\/p>\n<\/div><\/div><\/div><\/div><\/div><\/div><\/div><\/section><section class=\"l-section wpb_row pt-onas height_large\"><div class=\"l-section-h i-cf\"><div class=\"g-cols vc_row via_flex valign_top type_default stacking_default\"><div class=\"vc_col-sm-12 wpb_column vc_column_container\"><div class=\"vc_column-inner\"><div class=\"wpb_wrapper\"><div class=\"g-cols wpb_row us_custom_d0a14009 via_flex valign_middle type_boxes stacking_default\"><div class=\"vc_col-sm-8 wpb_column vc_column_container us_animate_afl\" style=\"animation-delay:0.2s\"><div class=\"vc_column-inner\"><div class=\"wpb_wrapper\"><div class=\"w-image align_center\"><div class=\"w-image-h\"><img decoding=\"async\" width=\"560\" height=\"332\" src=\"https:\/\/grafenprofessional.eu\/wp-content\/uploads\/2018\/06\/o-nas-mapa.png\" class=\"attachment-full size-full\" alt=\"Mapa \u015bwiata\" loading=\"lazy\" srcset=\"https:\/\/grafenprofessional.eu\/wp-content\/uploads\/2018\/06\/o-nas-mapa.png 560w, https:\/\/grafenprofessional.eu\/wp-content\/uploads\/2018\/06\/o-nas-mapa-300x178.png 300w\" sizes=\"auto, (max-width: 560px) 100vw, 560px\" \/><\/div><\/div><\/div><\/div><\/div><div class=\"vc_col-sm-4 wpb_column vc_column_container us_animate_afr\" style=\"animation-delay:0.2s\"><div class=\"vc_column-inner\"><div class=\"wpb_wrapper\"><div class=\"w-image align_center\"><div class=\"w-image-h\"><img decoding=\"async\" width=\"290\" height=\"120\" src=\"https:\/\/grafenprofessional.eu\/wp-content\/uploads\/2018\/06\/logo-1.png\" class=\"attachment-full size-full\" alt=\"test\" loading=\"lazy\" \/><\/div><\/div><div class=\"wpb_text_column text-center\"><div class=\"wpb_wrapper\"><p><strong>Unsere Produkte werden seit \u00fcber 20 Jahren auf allen Kontinenten verkauft.<\/strong><br \/>\nIm Jahre 2014 wurdein der Madejski Firmenzentrale in Krakau ein Vertriebs- und Verkaufszentrum f\u00fcr Polen und Zentral- und Osteuropa eingerichtet.<\/p>\n<\/div><\/div><\/div><\/div><\/div><\/div><\/div><\/div><\/div><\/div><\/div><\/section><section class=\"l-section wpb_row us_custom_abfcf5df has_text_color height_large\"><div class=\"l-section-h i-cf\"><div class=\"g-cols vc_row via_flex valign_middle type_default stacking_default\"><div class=\"vc_col-sm-3 wpb_column vc_column_container us_animate_afl\" style=\"animation-delay:0.2s\"><div class=\"vc_column-inner\"><div class=\"wpb_wrapper\"><div class=\"w-image align_center\"><div class=\"w-image-h\"><img decoding=\"async\" width=\"350\" height=\"91\" src=\"https:\/\/grafenprofessional.eu\/wp-content\/uploads\/2018\/06\/logo-madejski.png\" class=\"attachment-full size-full\" alt=\"Logo Madejski\" loading=\"lazy\" srcset=\"https:\/\/grafenprofessional.eu\/wp-content\/uploads\/2018\/06\/logo-madejski.png 350w, https:\/\/grafenprofessional.eu\/wp-content\/uploads\/2018\/06\/logo-madejski-300x78.png 300w\" sizes=\"auto, (max-width: 350px) 100vw, 350px\" \/><\/div><\/div><\/div><\/div><\/div><div class=\"vc_col-sm-6 wpb_column vc_column_container us_animate_afb\" style=\"animation-delay:0.2s\"><div class=\"vc_column-inner\"><div class=\"wpb_wrapper\"><div class=\"wpb_text_column info-m\"><div class=\"wpb_wrapper\"><p>Grafen Professional ist ein Teil<br \/>\nvon <strong>Madejski Industrial Technologie<\/strong><\/p>\n<\/div><\/div><\/div><\/div><\/div><div class=\"vc_col-sm-3 wpb_column vc_column_container us_animate_afr\" style=\"animation-delay:0.2s\"><div class=\"vc_column-inner\"><div class=\"wpb_wrapper\"><div class=\"w-btn-wrapper align_center\"><a class=\"w-btn us-btn-style_3 us_custom_80a192e9\" target=\" _blank\" rel=\"nofollow\" href=\"http:\/\/www.madejski.com.pl\/\"><span class=\"w-btn-label\">Gehen Sie auf die Madejski-Website<\/span><\/a><\/div><\/div><\/div><\/div><\/div><\/div><\/section>\n","protected":false},"excerpt":{"rendered":"\u00dcber uns Geschichte der Firma Die Geschichte der Firma Madejski reicht bis ins Jahr 1995 zur\u00fcck, als wir mit der Lieferung von Produkten f\u00fcr Branchen wie Automobil, Landwirtschaft, Schwerindustrie, Maschinenbau und Bauwesen begannen. Aufgrund\u00a0 unserer Erfahrungen und Beobachtungen haben wir die Marke Grafen Professional eingef\u00fchrt, die eine Antwort auf die Forderung des Automobilmarktes nach h\u00f6chster...","protected":false},"author":1,"featured_media":0,"parent":0,"menu_order":0,"comment_status":"closed","ping_status":"closed","template":"","meta":{"_acf_changed":false,"footnotes":""},"class_list":["post-921","page","type-page","status-publish","hentry"],"acf":[],"yoast_head":"<!-- This site is optimized with the Yoast SEO plugin v27.4 - https:\/\/yoast.com\/product\/yoast-seo-wordpress\/ -->\n<title>\u00dcber uns | Grafen Professional<\/title>\n<meta name=\"description\" content=\"Die Geschichte der Firma Madejski reicht bis ins Jahr 1995 zur\u00fcck, als wir mit der Lieferung von Produkten f\u00fcr Branchen wie Automobil, Landwirtschaft, Schwerindustrie, Maschinenbau und Bauwesen begannen.\" \/>\n<meta name=\"robots\" content=\"index, follow, max-snippet:-1, max-image-preview:large, max-video-preview:-1\" \/>\n<link rel=\"canonical\" href=\"https:\/\/grafenprofessional.eu\/de\/ueber-uns\/\" \/>\n<meta property=\"og:locale\" content=\"de_DE\" \/>\n<meta property=\"og:type\" content=\"article\" \/>\n<meta property=\"og:title\" content=\"\u00dcber uns | Grafen Professional\" \/>\n<meta property=\"og:description\" content=\"Die Geschichte der Firma Madejski reicht bis ins Jahr 1995 zur\u00fcck, als wir mit der Lieferung von Produkten f\u00fcr Branchen wie Automobil, Landwirtschaft, Schwerindustrie, Maschinenbau und Bauwesen begannen.\" \/>\n<meta property=\"og:url\" content=\"https:\/\/grafenprofessional.eu\/de\/ueber-uns\/\" \/>\n<meta property=\"og:site_name\" content=\"Grafen Professional\" \/>\n<meta property=\"article:publisher\" content=\"https:\/\/www.facebook.com\/GrafenProfessional\" \/>\n<meta property=\"article:modified_time\" content=\"2022-01-13T11:29:25+00:00\" \/>\n<meta property=\"og:image\" content=\"https:\/\/grafenprofessional.eu\/wp-content\/uploads\/2018\/08\/grafen-obrazek-fb.jpg\" \/>\n\t<meta property=\"og:image:width\" content=\"600\" \/>\n\t<meta property=\"og:image:height\" content=\"315\" \/>\n\t<meta property=\"og:image:type\" content=\"image\/jpeg\" \/>\n<meta name=\"twitter:card\" content=\"summary_large_image\" \/>\n<meta name=\"twitter:label1\" content=\"Gesch\u00e4tzte Lesezeit\" \/>\n\t<meta name=\"twitter:data1\" content=\"2\u00a0Minuten\" \/>\n<script type=\"application\/ld+json\" class=\"yoast-schema-graph\">{\"@context\":\"https:\\\/\\\/schema.org\",\"@graph\":[{\"@type\":\"WebPage\",\"@id\":\"https:\\\/\\\/grafenprofessional.eu\\\/de\\\/ueber-uns\\\/\",\"url\":\"https:\\\/\\\/grafenprofessional.eu\\\/de\\\/ueber-uns\\\/\",\"name\":\"\u00dcber uns | Grafen Professional\",\"isPartOf\":{\"@id\":\"https:\\\/\\\/grafenprofessional.eu\\\/de\\\/#website\"},\"datePublished\":\"2018-06-12T12:59:17+00:00\",\"dateModified\":\"2022-01-13T11:29:25+00:00\",\"description\":\"Die Geschichte der Firma Madejski reicht bis ins Jahr 1995 zur\u00fcck, als wir mit der Lieferung von Produkten f\u00fcr Branchen wie Automobil, Landwirtschaft, Schwerindustrie, Maschinenbau und Bauwesen begannen.\",\"breadcrumb\":{\"@id\":\"https:\\\/\\\/grafenprofessional.eu\\\/de\\\/ueber-uns\\\/#breadcrumb\"},\"inLanguage\":\"de\",\"potentialAction\":[{\"@type\":\"ReadAction\",\"target\":[\"https:\\\/\\\/grafenprofessional.eu\\\/de\\\/ueber-uns\\\/\"]}]},{\"@type\":\"BreadcrumbList\",\"@id\":\"https:\\\/\\\/grafenprofessional.eu\\\/de\\\/ueber-uns\\\/#breadcrumb\",\"itemListElement\":[{\"@type\":\"ListItem\",\"position\":1,\"name\":\"Strona g\u0142\u00f3wna\",\"item\":\"https:\\\/\\\/grafenprofessional.eu\\\/de\\\/\"},{\"@type\":\"ListItem\",\"position\":2,\"name\":\"\u00dcber uns\"}]},{\"@type\":\"WebSite\",\"@id\":\"https:\\\/\\\/grafenprofessional.eu\\\/de\\\/#website\",\"url\":\"https:\\\/\\\/grafenprofessional.eu\\\/de\\\/\",\"name\":\"Grafen Professional\",\"description\":\"Chemia budowlana i motoryzacyjna\",\"publisher\":{\"@id\":\"https:\\\/\\\/grafenprofessional.eu\\\/de\\\/#organization\"},\"alternateName\":\"Producent Chemii Budowlanej i Motoryzacyjnej\",\"potentialAction\":[{\"@type\":\"SearchAction\",\"target\":{\"@type\":\"EntryPoint\",\"urlTemplate\":\"https:\\\/\\\/grafenprofessional.eu\\\/de\\\/?s={search_term_string}\"},\"query-input\":{\"@type\":\"PropertyValueSpecification\",\"valueRequired\":true,\"valueName\":\"search_term_string\"}}],\"inLanguage\":\"de\"},{\"@type\":\"Organization\",\"@id\":\"https:\\\/\\\/grafenprofessional.eu\\\/de\\\/#organization\",\"name\":\"Grafen Professional\",\"alternateName\":\"Producent chemii budowlanej i samchodowej\",\"url\":\"https:\\\/\\\/grafenprofessional.eu\\\/de\\\/\",\"logo\":{\"@type\":\"ImageObject\",\"inLanguage\":\"de\",\"@id\":\"https:\\\/\\\/grafenprofessional.eu\\\/de\\\/#\\\/schema\\\/logo\\\/image\\\/\",\"url\":\"https:\\\/\\\/grafenprofessional.eu\\\/wp-content\\\/uploads\\\/2018\\\/06\\\/logo-grafen-professional-1.png\",\"contentUrl\":\"https:\\\/\\\/grafenprofessional.eu\\\/wp-content\\\/uploads\\\/2018\\\/06\\\/logo-grafen-professional-1.png\",\"width\":168,\"height\":70,\"caption\":\"Grafen Professional\"},\"image\":{\"@id\":\"https:\\\/\\\/grafenprofessional.eu\\\/de\\\/#\\\/schema\\\/logo\\\/image\\\/\"},\"sameAs\":[\"https:\\\/\\\/www.facebook.com\\\/GrafenProfessional\",\"https:\\\/\\\/www.instagram.com\\\/grafen_professional\\\/\"]}]}<\/script>\n<!-- \/ Yoast SEO plugin. -->","yoast_head_json":{"title":"\u00dcber uns | Grafen Professional","description":"Die Geschichte der Firma Madejski reicht bis ins Jahr 1995 zur\u00fcck, als wir mit der Lieferung von Produkten f\u00fcr Branchen wie Automobil, Landwirtschaft, Schwerindustrie, Maschinenbau und Bauwesen begannen.","robots":{"index":"index","follow":"follow","max-snippet":"max-snippet:-1","max-image-preview":"max-image-preview:large","max-video-preview":"max-video-preview:-1"},"canonical":"https:\/\/grafenprofessional.eu\/de\/ueber-uns\/","og_locale":"de_DE","og_type":"article","og_title":"\u00dcber uns | Grafen Professional","og_description":"Die Geschichte der Firma Madejski reicht bis ins Jahr 1995 zur\u00fcck, als wir mit der Lieferung von Produkten f\u00fcr Branchen wie Automobil, Landwirtschaft, Schwerindustrie, Maschinenbau und Bauwesen begannen.","og_url":"https:\/\/grafenprofessional.eu\/de\/ueber-uns\/","og_site_name":"Grafen Professional","article_publisher":"https:\/\/www.facebook.com\/GrafenProfessional","article_modified_time":"2022-01-13T11:29:25+00:00","og_image":[{"width":600,"height":315,"url":"https:\/\/grafenprofessional.eu\/wp-content\/uploads\/2018\/08\/grafen-obrazek-fb.jpg","type":"image\/jpeg"}],"twitter_card":"summary_large_image","twitter_misc":{"Gesch\u00e4tzte Lesezeit":"2\u00a0Minuten"},"schema":{"@context":"https:\/\/schema.org","@graph":[{"@type":"WebPage","@id":"https:\/\/grafenprofessional.eu\/de\/ueber-uns\/","url":"https:\/\/grafenprofessional.eu\/de\/ueber-uns\/","name":"\u00dcber uns | Grafen Professional","isPartOf":{"@id":"https:\/\/grafenprofessional.eu\/de\/#website"},"datePublished":"2018-06-12T12:59:17+00:00","dateModified":"2022-01-13T11:29:25+00:00","description":"Die Geschichte der Firma Madejski reicht bis ins Jahr 1995 zur\u00fcck, als wir mit der Lieferung von Produkten f\u00fcr Branchen wie Automobil, Landwirtschaft, Schwerindustrie, Maschinenbau und Bauwesen begannen.","breadcrumb":{"@id":"https:\/\/grafenprofessional.eu\/de\/ueber-uns\/#breadcrumb"},"inLanguage":"de","potentialAction":[{"@type":"ReadAction","target":["https:\/\/grafenprofessional.eu\/de\/ueber-uns\/"]}]},{"@type":"BreadcrumbList","@id":"https:\/\/grafenprofessional.eu\/de\/ueber-uns\/#breadcrumb","itemListElement":[{"@type":"ListItem","position":1,"name":"Strona g\u0142\u00f3wna","item":"https:\/\/grafenprofessional.eu\/de\/"},{"@type":"ListItem","position":2,"name":"\u00dcber uns"}]},{"@type":"WebSite","@id":"https:\/\/grafenprofessional.eu\/de\/#website","url":"https:\/\/grafenprofessional.eu\/de\/","name":"Grafen Professional","description":"Chemia budowlana i motoryzacyjna","publisher":{"@id":"https:\/\/grafenprofessional.eu\/de\/#organization"},"alternateName":"Producent Chemii Budowlanej i Motoryzacyjnej","potentialAction":[{"@type":"SearchAction","target":{"@type":"EntryPoint","urlTemplate":"https:\/\/grafenprofessional.eu\/de\/?s={search_term_string}"},"query-input":{"@type":"PropertyValueSpecification","valueRequired":true,"valueName":"search_term_string"}}],"inLanguage":"de"},{"@type":"Organization","@id":"https:\/\/grafenprofessional.eu\/de\/#organization","name":"Grafen Professional","alternateName":"Producent chemii budowlanej i samchodowej","url":"https:\/\/grafenprofessional.eu\/de\/","logo":{"@type":"ImageObject","inLanguage":"de","@id":"https:\/\/grafenprofessional.eu\/de\/#\/schema\/logo\/image\/","url":"https:\/\/grafenprofessional.eu\/wp-content\/uploads\/2018\/06\/logo-grafen-professional-1.png","contentUrl":"https:\/\/grafenprofessional.eu\/wp-content\/uploads\/2018\/06\/logo-grafen-professional-1.png","width":168,"height":70,"caption":"Grafen Professional"},"image":{"@id":"https:\/\/grafenprofessional.eu\/de\/#\/schema\/logo\/image\/"},"sameAs":["https:\/\/www.facebook.com\/GrafenProfessional","https:\/\/www.instagram.com\/grafen_professional\/"]}]}},"_links":{"self":[{"href":"https:\/\/grafenprofessional.eu\/de\/wp-json\/wp\/v2\/pages\/921","targetHints":{"allow":["GET"]}}],"collection":[{"href":"https:\/\/grafenprofessional.eu\/de\/wp-json\/wp\/v2\/pages"}],"about":[{"href":"https:\/\/grafenprofessional.eu\/de\/wp-json\/wp\/v2\/types\/page"}],"author":[{"embeddable":true,"href":"https:\/\/grafenprofessional.eu\/de\/wp-json\/wp\/v2\/users\/1"}],"replies":[{"embeddable":true,"href":"https:\/\/grafenprofessional.eu\/de\/wp-json\/wp\/v2\/comments?post=921"}],"version-history":[{"count":6,"href":"https:\/\/grafenprofessional.eu\/de\/wp-json\/wp\/v2\/pages\/921\/revisions"}],"predecessor-version":[{"id":5162,"href":"https:\/\/grafenprofessional.eu\/de\/wp-json\/wp\/v2\/pages\/921\/revisions\/5162"}],"wp:attachment":[{"href":"https:\/\/grafenprofessional.eu\/de\/wp-json\/wp\/v2\/media?parent=921"}],"curies":[{"name":"wp","href":"https:\/\/api.w.org\/{rel}","templated":true}]}}