{"id":892,"date":"2018-06-10T02:42:16","date_gmt":"2018-06-10T00:42:16","guid":{"rendered":"http:\/\/grafenprofessional.eu\/strona-glowna\/"},"modified":"2025-04-10T09:08:05","modified_gmt":"2025-04-10T07:08:05","slug":"strona-glowna-4","status":"publish","type":"page","link":"https:\/\/grafenprofessional.eu\/de\/","title":{"rendered":"Strona g\u0142\u00f3wna"},"content":{"rendered":"<section class=\"l-section wpb_row us_custom_6df4bc3a min-h-m has_text_color height_medium\"><div class=\"l-section-h i-cf\"><div class=\"g-cols vc_row via_flex valign_bottom type_default stacking_default\"><div class=\"vc_col-sm-12 wpb_column vc_column_container\"><div class=\"vc_column-inner\"><div class=\"wpb_wrapper\"><div class=\"w-grid type_grid layout_6552 cols_3\" id=\"us_grid_1\" style=\"--gap:1.5rem;\"><style>@media (max-width:1024px){#us_grid_1 .w-grid-item{width:50%}}@media (max-width:600px){#us_grid_1 .w-grid-list{margin:0}#us_grid_1 .w-grid-item{width:100%;padding:0;margin-bottom:var(--gap,0px)}}.layout_6552 .w-grid-item-h{}.layout_6552 .usg_post_custom_field_1{color:#ffffff!important;text-align:center!important;font-size:22px!important;border-radius:0 0 14px 0!important;padding:20px!important}.layout_6552 .usg_vwrapper_2{width:100%!important;min-height:104px!important;border-radius:0 0 14px 0!important;background:var(--color-content-primary)!important}<\/style><div class=\"w-grid-list\">\t<article class=\"w-grid-item size_1x1 post-1148 page type-page status-publish has-post-thumbnail hentry\" data-id=\"1148\">\r\n\t\t<div class=\"w-grid-item-h\">\r\n\t\t\t\t\t\t\t<a href=\"https:\/\/grafenprofessional.eu\/de\/baustoffchemie\/\" class=\"w-grid-item-anchor\" aria-label=\"Baustoffchemie\"><\/a>\r\n\t\t\t\t\t\t<div class=\"w-vwrapper usg_vwrapper_1 align_none valign_top\" style=\"--vwrapper-gap:0rem\"><div class=\"w-post-elm post_image usg_post_image_1 has_ratio\"><a href=\"https:\/\/grafenprofessional.eu\/de\/baustoffchemie\/\" aria-label=\"Baustoffchemie\"><img loading=\"lazy\" decoding=\"async\" width=\"700\" height=\"1000\" src=\"https:\/\/grafenprofessional.eu\/wp-content\/uploads\/2024\/03\/construction-chemicals.jpeg\" class=\"attachment-large size-large wp-post-image\" alt=\"Wystr\u00f3j wn\u0119trza\" srcset=\"https:\/\/grafenprofessional.eu\/wp-content\/uploads\/2024\/03\/construction-chemicals.jpeg 700w, https:\/\/grafenprofessional.eu\/wp-content\/uploads\/2024\/03\/construction-chemicals-210x300.jpeg 210w\" sizes=\"auto, (max-width: 700px) 100vw, 700px\" \/><\/a><div style=\"padding-bottom:133.3333%\"><\/div><\/div><div class=\"w-vwrapper usg_vwrapper_2 align_center valign_middle\"><div class=\"w-post-elm post_custom_field usg_post_custom_field_1 has_text_color type_text tytul_-_grid color_link_inherit has_border_radius\"><span class=\"w-post-elm-value\"><h2>Baustoffchemie<\/h2>\n<\/span><\/div><\/div><\/div>\t\t<\/div>\r\n\t\t\t<\/article>\r\n\t<article class=\"w-grid-item size_1x1 post-1145 page type-page status-publish has-post-thumbnail hentry\" data-id=\"1145\">\r\n\t\t<div class=\"w-grid-item-h\">\r\n\t\t\t\t\t\t\t<a href=\"https:\/\/grafenprofessional.eu\/de\/autochemie\/\" class=\"w-grid-item-anchor\" aria-label=\"Autochemie\"><\/a>\r\n\t\t\t\t\t\t<div class=\"w-vwrapper usg_vwrapper_1 align_none valign_top\" style=\"--vwrapper-gap:0rem\"><div class=\"w-post-elm post_image usg_post_image_1 has_ratio\"><a href=\"https:\/\/grafenprofessional.eu\/de\/autochemie\/\" aria-label=\"Autochemie\"><img loading=\"lazy\" decoding=\"async\" width=\"700\" height=\"1000\" src=\"https:\/\/grafenprofessional.eu\/wp-content\/uploads\/2024\/03\/automotive.jpeg\" class=\"attachment-large size-large wp-post-image\" alt=\"Samoch\u00f3d na drodze\" srcset=\"https:\/\/grafenprofessional.eu\/wp-content\/uploads\/2024\/03\/automotive.jpeg 700w, https:\/\/grafenprofessional.eu\/wp-content\/uploads\/2024\/03\/automotive-210x300.jpeg 210w\" sizes=\"auto, (max-width: 700px) 100vw, 700px\" \/><\/a><div style=\"padding-bottom:133.3333%\"><\/div><\/div><div class=\"w-vwrapper usg_vwrapper_2 align_center valign_middle\"><div class=\"w-post-elm post_custom_field usg_post_custom_field_1 has_text_color type_text tytul_-_grid color_link_inherit has_border_radius\"><span class=\"w-post-elm-value\"><h2>Autochemie<\/h2>\n<\/span><\/div><\/div><\/div>\t\t<\/div>\r\n\t\t\t<\/article>\r\n\t<article class=\"w-grid-item size_1x1 post-1142 page type-page status-publish has-post-thumbnail hentry\" data-id=\"1142\">\r\n\t\t<div class=\"w-grid-item-h\">\r\n\t\t\t\t\t\t\t<a href=\"https:\/\/grafenprofessional.eu\/de\/hydraulik\/\" class=\"w-grid-item-anchor\" aria-label=\"Madejski Hydraulik\"><\/a>\r\n\t\t\t\t\t\t<div class=\"w-vwrapper usg_vwrapper_1 align_none valign_top\" style=\"--vwrapper-gap:0rem\"><div class=\"w-post-elm post_image usg_post_image_1 has_ratio\"><a href=\"https:\/\/grafenprofessional.eu\/de\/hydraulik\/\" aria-label=\"Madejski Hydraulik\"><img loading=\"lazy\" decoding=\"async\" width=\"700\" height=\"1000\" src=\"https:\/\/grafenprofessional.eu\/wp-content\/uploads\/2024\/03\/hydraulics.jpeg\" class=\"attachment-large size-large wp-post-image\" alt=\"Hydraulika budowlana\" srcset=\"https:\/\/grafenprofessional.eu\/wp-content\/uploads\/2024\/03\/hydraulics.jpeg 700w, https:\/\/grafenprofessional.eu\/wp-content\/uploads\/2024\/03\/hydraulics-210x300.jpeg 210w\" sizes=\"auto, (max-width: 700px) 100vw, 700px\" \/><\/a><div style=\"padding-bottom:133.3333%\"><\/div><\/div><div class=\"w-vwrapper usg_vwrapper_2 align_center valign_middle\"><div class=\"w-post-elm post_custom_field usg_post_custom_field_1 has_text_color type_text tytul_-_grid color_link_inherit has_border_radius\"><span class=\"w-post-elm-value\"><h2>Hoch- und Niederdruckhydraulik<\/h2>\n<\/span><\/div><\/div><\/div>\t\t<\/div>\r\n\t\t\t<\/article>\r\n<\/div><div class=\"w-grid-preloader\">\t<div class=\"g-preloader type_1\">\r\n\t\t<div><\/div>\r\n\t<\/div>\r\n\t<\/div>\t<div class=\"w-grid-json hidden\" onclick='return {&quot;action&quot;:&quot;us_ajax_grid&quot;,&quot;infinite_scroll&quot;:0,&quot;max_num_pages&quot;:1,&quot;pagination&quot;:&quot;none&quot;,&quot;template_vars&quot;:{&quot;columns&quot;:&quot;3&quot;,&quot;exclude_items&quot;:&quot;none&quot;,&quot;img_size&quot;:&quot;default&quot;,&quot;ignore_items_size&quot;:0,&quot;items_layout&quot;:&quot;6552&quot;,&quot;items_offset&quot;:&quot;1&quot;,&quot;load_animation&quot;:&quot;none&quot;,&quot;overriding_link&quot;:&quot;%7B%22type%22%3A%22post%22%7D&quot;,&quot;post_id&quot;:0,&quot;query_args&quot;:{&quot;ignore_sticky_posts&quot;:1,&quot;post_type&quot;:&quot;any&quot;,&quot;post__in&quot;:[&quot;89&quot;,&quot;91&quot;,&quot;93&quot;],&quot;posts_per_page&quot;:&quot;10&quot;},&quot;orderby_query_args&quot;:{&quot;orderby&quot;:{&quot;post__in&quot;:&quot;ASC&quot;},&quot;order&quot;:&quot;ASC&quot;},&quot;type&quot;:&quot;grid&quot;,&quot;us_grid_post_type&quot;:&quot;ids&quot;,&quot;us_grid_ajax_index&quot;:1,&quot;us_grid_filter_query_string&quot;:null,&quot;us_grid_index&quot;:1,&quot;page_args&quot;:[]}}'><\/div>\r\n\t<\/div><div class=\"w-separator size_medium\"><\/div><div class=\"wpb_text_column us_custom_4076faf9 has_text_color\"><div class=\"wpb_wrapper\"><p style=\"text-align: center;\"><em>Vielen Dank f\u00fcr Ihr Interesse an unseren Produkten!<\/em><br \/>\n<em>Wir m\u00f6chten Sie darauf hinweisen, dass wir keine direkten Einzelverk\u00e4ufe \u00fcber unsere Website anbieten. Um Ihnen den besten Service und Verf\u00fcgbarkeit in ganz Polen und international zu gew\u00e4hrleisten, arbeiten wir mit einem Netzwerk vertrauensw\u00fcrdiger H\u00e4ndler zusammen.<\/em><\/p>\n<p style=\"text-align: center;\"><em>Kaufen Sie unsere Produkte bei unseren Partnern \u2013 finden Sie den n\u00e4chsten Distributor und profitieren Sie von vollem Support und professioneller Beratung!<\/em><\/p>\n<\/div><\/div><\/div><\/div><\/div><\/div><\/div><\/section><section class=\"l-section wpb_row us_custom_abfcf5df has_text_color height_large\"><div class=\"l-section-h i-cf\"><div class=\"g-cols vc_row via_flex valign_middle type_default stacking_default\"><div class=\"vc_col-sm-3 wpb_column vc_column_container us_animate_afl\" style=\"animation-delay:0.2s\"><div class=\"vc_column-inner\"><div class=\"wpb_wrapper\"><div class=\"w-image align_center\"><div class=\"w-image-h\"><img decoding=\"async\" width=\"350\" height=\"91\" src=\"https:\/\/grafenprofessional.eu\/wp-content\/uploads\/2018\/06\/logo-madejski.png\" class=\"attachment-full size-full\" alt=\"Logo Madejski\" loading=\"lazy\" srcset=\"https:\/\/grafenprofessional.eu\/wp-content\/uploads\/2018\/06\/logo-madejski.png 350w, https:\/\/grafenprofessional.eu\/wp-content\/uploads\/2018\/06\/logo-madejski-300x78.png 300w\" sizes=\"auto, (max-width: 350px) 100vw, 350px\" \/><\/div><\/div><\/div><\/div><\/div><div class=\"vc_col-sm-6 wpb_column vc_column_container us_animate_afb\" style=\"animation-delay:0.2s\"><div class=\"vc_column-inner\"><div class=\"wpb_wrapper\"><div class=\"wpb_text_column info-m\"><div class=\"wpb_wrapper\"><p>Grafen Professional ist ein Teil<br \/>\nvon <strong>Madejski Industrial Technologie<\/strong><\/p>\n<\/div><\/div><\/div><\/div><\/div><div class=\"vc_col-sm-3 wpb_column vc_column_container us_animate_afr\" style=\"animation-delay:0.2s\"><div class=\"vc_column-inner\"><div class=\"wpb_wrapper\"><div class=\"w-btn-wrapper align_center\"><a class=\"w-btn us-btn-style_3 us_custom_80a192e9\" target=\" _blank\" rel=\"nofollow\" href=\"http:\/\/www.madejski.com.pl\/\"><span class=\"w-btn-label\">Gehen Sie auf die Madejski-Website<\/span><\/a><\/div><\/div><\/div><\/div><\/div><\/div><\/section><section class=\"l-section wpb_row height_huge\"><div class=\"l-section-h i-cf\"><div class=\"g-cols vc_row via_flex valign_top type_default stacking_default\"><div class=\"vc_col-sm-12 wpb_column vc_column_container\"><div class=\"vc_column-inner\"><div class=\"wpb_wrapper\"><div class=\"wpb_text_column text-center\"><div class=\"wpb_wrapper\"><h2><strong>Unsere beliebtesten<\/strong> Produkte<\/h2>\n<\/div><\/div><div class=\"w-separator size_medium\"><\/div><div class=\"w-grid type_carousel layout_1945 cols_4\" id=\"us_grid_2\" style=\"--gap:1.5rem;\"><style>.layout_1945 .w-grid-item-h{}.layout_1945 .usg_post_title_1{padding-top:10px!important;padding-right:20px!important;padding-left:20px!important;font-family:var(--h1-font-family)!important;font-size:15px!important}.layout_1945 .usg_vwrapper_1{padding:15px 10px 15px 10px!important;border:1px solid #ecebf0!important}.layout_1945 .usg_btn_1{border-style:solid!important;border-width:0!important}<\/style><div class=\"w-grid-list owl-carousel navstyle_circle navpos_outside\" style=\"--arrows-size:1.8rem;--arrows-offset:1rem;\">\t<article class=\"w-grid-item post-6201 us_portfolio type-us_portfolio status-publish has-post-thumbnail hentry us_portfolio_category-chemia-motoryzacyjna-de us_portfolio_category-chemia-warsztatowa-de us_portfolio_category-stronaglowna-de\" data-id=\"6201\">\r\n\t\t<div class=\"w-grid-item-h\">\r\n\t\t\t\t\t\t\t<a href=\"https:\/\/grafenprofessional.eu\/de\/produkty\/bialy-smar-do-lancuchow\/\" class=\"w-grid-item-anchor\" aria-label=\"Bia\u0142y smar do \u0142a\u0144cuch\u00f3w 400ml\"><\/a>\r\n\t\t\t\t\t\t<div class=\"w-vwrapper usg_vwrapper_1 align_center valign_middle\"><div class=\"w-post-elm post_image usg_post_image_1 stretched\"><a href=\"https:\/\/grafenprofessional.eu\/de\/produkty\/bialy-smar-do-lancuchow\/\" aria-label=\"Bia\u0142y smar do \u0142a\u0144cuch\u00f3w 400ml\"><img loading=\"lazy\" decoding=\"async\" width=\"853\" height=\"1280\" src=\"https:\/\/grafenprofessional.eu\/wp-content\/uploads\/2023\/11\/c208d361112-2-pdf.jpg\" class=\"attachment-full size-full wp-post-image\" alt=\"\" \/><\/a><\/div><span class=\"w-post-elm post_title usg_post_title_1 entry-title color_link_inherit\"><a href=\"https:\/\/grafenprofessional.eu\/de\/produkty\/bialy-smar-do-lancuchow\/\">Bia\u0142y smar do \u0142a\u0144cuch\u00f3w 400ml<\/a><\/span><a class=\"w-btn us-btn-style_5 usg_btn_1\" href=\"https:\/\/grafenprofessional.eu\/de\/produkty\/bialy-smar-do-lancuchow\/\"><span class=\"w-btn-label\">Zobacz produkt<\/span><\/a><\/div>\t\t<\/div>\r\n\t\t\t<\/article>\r\n\t<article class=\"w-grid-item post-4903 us_portfolio type-us_portfolio status-publish has-post-thumbnail hentry us_portfolio_category-chemia-motoryzacyjna-de us_portfolio_category-stronaglowna-de\" data-id=\"4903\">\r\n\t\t<div class=\"w-grid-item-h\">\r\n\t\t\t\t\t\t\t<a href=\"https:\/\/grafenprofessional.eu\/de\/produkty\/acryl-spritzlack\/\" class=\"w-grid-item-anchor\" aria-label=\"Acryl-Spritzlack\"><\/a>\r\n\t\t\t\t\t\t<div class=\"w-vwrapper usg_vwrapper_1 align_center valign_middle\"><div class=\"w-post-elm post_image usg_post_image_1 stretched\"><a href=\"https:\/\/grafenprofessional.eu\/de\/produkty\/acryl-spritzlack\/\" aria-label=\"Acryl-Spritzlack\"><img loading=\"lazy\" decoding=\"async\" width=\"2000\" height=\"3000\" src=\"https:\/\/grafenprofessional.eu\/wp-content\/uploads\/2020\/07\/GP-SPRAY-PAINT-2019-06-27-a-editable-paw-01-wizualizacja-cien.png\" class=\"attachment-full size-full wp-post-image\" alt=\"asd\" srcset=\"https:\/\/grafenprofessional.eu\/wp-content\/uploads\/2020\/07\/GP-SPRAY-PAINT-2019-06-27-a-editable-paw-01-wizualizacja-cien.png 2000w, https:\/\/grafenprofessional.eu\/wp-content\/uploads\/2020\/07\/GP-SPRAY-PAINT-2019-06-27-a-editable-paw-01-wizualizacja-cien-200x300.png 200w, https:\/\/grafenprofessional.eu\/wp-content\/uploads\/2020\/07\/GP-SPRAY-PAINT-2019-06-27-a-editable-paw-01-wizualizacja-cien-683x1024.png 683w, https:\/\/grafenprofessional.eu\/wp-content\/uploads\/2020\/07\/GP-SPRAY-PAINT-2019-06-27-a-editable-paw-01-wizualizacja-cien-768x1152.png 768w\" sizes=\"auto, (max-width: 2000px) 100vw, 2000px\" \/><\/a><\/div><span class=\"w-post-elm post_title usg_post_title_1 entry-title color_link_inherit\"><a href=\"https:\/\/grafenprofessional.eu\/de\/produkty\/acryl-spritzlack\/\">Acryl-Spritzlack<\/a><\/span><a class=\"w-btn us-btn-style_5 usg_btn_1\" href=\"https:\/\/grafenprofessional.eu\/de\/produkty\/acryl-spritzlack\/\"><span class=\"w-btn-label\">Zobacz produkt<\/span><\/a><\/div>\t\t<\/div>\r\n\t\t\t<\/article>\r\n\t<article class=\"w-grid-item post-4782 us_portfolio type-us_portfolio status-publish has-post-thumbnail hentry\" data-id=\"4782\">\r\n\t\t<div class=\"w-grid-item-h\">\r\n\t\t\t\t\t\t\t<a href=\"https:\/\/grafenprofessional.eu\/de\/produkty\/piana-xxl-pirtoletowa\/\" class=\"w-grid-item-anchor\" aria-label=\"Piana XXL Pistoletowa\"><\/a>\r\n\t\t\t\t\t\t<div class=\"w-vwrapper usg_vwrapper_1 align_center valign_middle\"><div class=\"w-post-elm post_image usg_post_image_1 stretched\"><a href=\"https:\/\/grafenprofessional.eu\/de\/produkty\/piana-xxl-pirtoletowa\/\" aria-label=\"Piana XXL Pistoletowa\"><img loading=\"lazy\" decoding=\"async\" width=\"1707\" height=\"2560\" src=\"https:\/\/grafenprofessional.eu\/wp-content\/uploads\/2020\/06\/GP-FOAM-XXL-GUN-EAN-5902854571482-2020-02-24-a-curves-scaled.jpg\" class=\"attachment-full size-full wp-post-image\" alt=\"Piana XXL Pistoletowa\" srcset=\"https:\/\/grafenprofessional.eu\/wp-content\/uploads\/2020\/06\/GP-FOAM-XXL-GUN-EAN-5902854571482-2020-02-24-a-curves-scaled.jpg 1707w, https:\/\/grafenprofessional.eu\/wp-content\/uploads\/2020\/06\/GP-FOAM-XXL-GUN-EAN-5902854571482-2020-02-24-a-curves-200x300.jpg 200w, https:\/\/grafenprofessional.eu\/wp-content\/uploads\/2020\/06\/GP-FOAM-XXL-GUN-EAN-5902854571482-2020-02-24-a-curves-683x1024.jpg 683w, https:\/\/grafenprofessional.eu\/wp-content\/uploads\/2020\/06\/GP-FOAM-XXL-GUN-EAN-5902854571482-2020-02-24-a-curves-768x1152.jpg 768w\" sizes=\"auto, (max-width: 1707px) 100vw, 1707px\" \/><\/a><\/div><span class=\"w-post-elm post_title usg_post_title_1 entry-title color_link_inherit\"><a href=\"https:\/\/grafenprofessional.eu\/de\/produkty\/piana-xxl-pirtoletowa\/\">Piana XXL Pistoletowa<\/a><\/span><a class=\"w-btn us-btn-style_5 usg_btn_1\" href=\"https:\/\/grafenprofessional.eu\/de\/produkty\/piana-xxl-pirtoletowa\/\"><span class=\"w-btn-label\">Zobacz produkt<\/span><\/a><\/div>\t\t<\/div>\r\n\t\t\t<\/article>\r\n\t<article class=\"w-grid-item post-4820 us_portfolio type-us_portfolio status-publish has-post-thumbnail hentry us_portfolio_category-chemia-budowlana-de\" data-id=\"4820\">\r\n\t\t<div class=\"w-grid-item-h\">\r\n\t\t\t\t\t\t\t<a href=\"https:\/\/grafenprofessional.eu\/de\/produkty\/klej-do-styropianu-grafitowego\/\" class=\"w-grid-item-anchor\" aria-label=\"Klebstoff f\u00fcr Graphitpolystyrol\"><\/a>\r\n\t\t\t\t\t\t<div class=\"w-vwrapper usg_vwrapper_1 align_center valign_middle\"><div class=\"w-post-elm post_image usg_post_image_1 stretched\"><a href=\"https:\/\/grafenprofessional.eu\/de\/produkty\/klej-do-styropianu-grafitowego\/\" aria-label=\"Klebstoff f\u00fcr Graphitpolystyrol\"><img loading=\"lazy\" decoding=\"async\" width=\"2000\" height=\"3000\" src=\"https:\/\/grafenprofessional.eu\/wp-content\/uploads\/2024\/08\/GP-GRAPHITE-STYRO-ADHESIVE-EAN-5902854571468-DE-PL-kod-GPBKDSG-2020-01-20-a-curves.png\" class=\"attachment-full size-full wp-post-image\" alt=\"\" srcset=\"https:\/\/grafenprofessional.eu\/wp-content\/uploads\/2024\/08\/GP-GRAPHITE-STYRO-ADHESIVE-EAN-5902854571468-DE-PL-kod-GPBKDSG-2020-01-20-a-curves.png 2000w, https:\/\/grafenprofessional.eu\/wp-content\/uploads\/2024\/08\/GP-GRAPHITE-STYRO-ADHESIVE-EAN-5902854571468-DE-PL-kod-GPBKDSG-2020-01-20-a-curves-200x300.png 200w, https:\/\/grafenprofessional.eu\/wp-content\/uploads\/2024\/08\/GP-GRAPHITE-STYRO-ADHESIVE-EAN-5902854571468-DE-PL-kod-GPBKDSG-2020-01-20-a-curves-683x1024.png 683w, https:\/\/grafenprofessional.eu\/wp-content\/uploads\/2024\/08\/GP-GRAPHITE-STYRO-ADHESIVE-EAN-5902854571468-DE-PL-kod-GPBKDSG-2020-01-20-a-curves-768x1152.png 768w\" sizes=\"auto, (max-width: 2000px) 100vw, 2000px\" \/><\/a><\/div><span class=\"w-post-elm post_title usg_post_title_1 entry-title color_link_inherit\"><a href=\"https:\/\/grafenprofessional.eu\/de\/produkty\/klej-do-styropianu-grafitowego\/\">Klebstoff f\u00fcr Graphitpolystyrol<\/a><\/span><a class=\"w-btn us-btn-style_5 usg_btn_1\" href=\"https:\/\/grafenprofessional.eu\/de\/produkty\/klej-do-styropianu-grafitowego\/\"><span class=\"w-btn-label\">Zobacz produkt<\/span><\/a><\/div>\t\t<\/div>\r\n\t\t\t<\/article>\r\n\t<article class=\"w-grid-item post-3940 us_portfolio type-us_portfolio status-publish has-post-thumbnail hentry us_portfolio_category-chemia-budowlana-de\" data-id=\"3940\">\r\n\t\t<div class=\"w-grid-item-h\">\r\n\t\t\t\t\t\t\t<a href=\"https:\/\/grafenprofessional.eu\/de\/produkty\/grafen-genius-glue-290-ml\/\" class=\"w-grid-item-anchor\" aria-label=\"Grafen Genius glue 290 ml\"><\/a>\r\n\t\t\t\t\t\t<div class=\"w-vwrapper usg_vwrapper_1 align_center valign_middle\"><div class=\"w-post-elm post_image usg_post_image_1 stretched\"><a href=\"https:\/\/grafenprofessional.eu\/de\/produkty\/grafen-genius-glue-290-ml\/\" aria-label=\"Grafen Genius glue 290 ml\"><img loading=\"lazy\" decoding=\"async\" width=\"250\" height=\"400\" src=\"https:\/\/grafenprofessional.eu\/wp-content\/uploads\/2019\/06\/GP-GENIUS-GLUE-white-290-ml-zmniejszony.png\" class=\"attachment-full size-full wp-post-image\" alt=\"Grafen Genius glue 290 ml\" srcset=\"https:\/\/grafenprofessional.eu\/wp-content\/uploads\/2019\/06\/GP-GENIUS-GLUE-white-290-ml-zmniejszony.png 250w, https:\/\/grafenprofessional.eu\/wp-content\/uploads\/2019\/06\/GP-GENIUS-GLUE-white-290-ml-zmniejszony-188x300.png 188w\" sizes=\"auto, (max-width: 250px) 100vw, 250px\" \/><\/a><\/div><span class=\"w-post-elm post_title usg_post_title_1 entry-title color_link_inherit\"><a href=\"https:\/\/grafenprofessional.eu\/de\/produkty\/grafen-genius-glue-290-ml\/\">Grafen Genius glue 290 ml<\/a><\/span><a class=\"w-btn us-btn-style_5 usg_btn_1\" href=\"https:\/\/grafenprofessional.eu\/de\/produkty\/grafen-genius-glue-290-ml\/\"><span class=\"w-btn-label\">Zobacz produkt<\/span><\/a><\/div>\t\t<\/div>\r\n\t\t\t<\/article>\r\n\t<article class=\"w-grid-item post-3906 us_portfolio type-us_portfolio status-publish has-post-thumbnail hentry us_portfolio_category-chemia-motoryzacyjna-de us_portfolio_category-chemia-warsztatowa-de us_portfolio_category-stronaglowna-de\" data-id=\"3906\">\r\n\t\t<div class=\"w-grid-item-h\">\r\n\t\t\t\t\t\t\t<a href=\"https:\/\/grafenprofessional.eu\/de\/produkty\/bremsenreiniger-5l\/\" class=\"w-grid-item-anchor\" aria-label=\"Bremsenreiniger 5L\"><\/a>\r\n\t\t\t\t\t\t<div class=\"w-vwrapper usg_vwrapper_1 align_center valign_middle\"><div class=\"w-post-elm post_image usg_post_image_1 stretched\"><a href=\"https:\/\/grafenprofessional.eu\/de\/produkty\/bremsenreiniger-5l\/\" aria-label=\"Bremsenreiniger 5L\"><img loading=\"lazy\" decoding=\"async\" width=\"656\" height=\"1005\" src=\"https:\/\/grafenprofessional.eu\/wp-content\/uploads\/2024\/08\/Zmywacz-do-hamulcow-GRAFEN_S.png\" class=\"attachment-full size-full wp-post-image\" alt=\"\" srcset=\"https:\/\/grafenprofessional.eu\/wp-content\/uploads\/2024\/08\/Zmywacz-do-hamulcow-GRAFEN_S.png 656w, https:\/\/grafenprofessional.eu\/wp-content\/uploads\/2024\/08\/Zmywacz-do-hamulcow-GRAFEN_S-196x300.png 196w\" sizes=\"auto, (max-width: 656px) 100vw, 656px\" \/><\/a><\/div><span class=\"w-post-elm post_title usg_post_title_1 entry-title color_link_inherit\"><a href=\"https:\/\/grafenprofessional.eu\/de\/produkty\/bremsenreiniger-5l\/\">Bremsenreiniger 5L<\/a><\/span><a class=\"w-btn us-btn-style_5 usg_btn_1\" href=\"https:\/\/grafenprofessional.eu\/de\/produkty\/bremsenreiniger-5l\/\"><span class=\"w-btn-label\">Zobacz produkt<\/span><\/a><\/div>\t\t<\/div>\r\n\t\t\t<\/article>\r\n\t<article class=\"w-grid-item post-3812 us_portfolio type-us_portfolio status-publish has-post-thumbnail hentry us_portfolio_category-chemia-kosmetyczna-de us_portfolio_category-chemia-motoryzacyjna-de\" data-id=\"3812\">\r\n\t\t<div class=\"w-grid-item-h\">\r\n\t\t\t\t\t\t\t<a href=\"https:\/\/grafenprofessional.eu\/de\/produkty\/zmywacz-do-etykiet-i-naklejek-200-ml\/\" class=\"w-grid-item-anchor\" aria-label=\"Etiketten loeser spray 200ml\"><\/a>\r\n\t\t\t\t\t\t<div class=\"w-vwrapper usg_vwrapper_1 align_center valign_middle\"><div class=\"w-post-elm post_image usg_post_image_1 stretched\"><a href=\"https:\/\/grafenprofessional.eu\/de\/produkty\/zmywacz-do-etykiet-i-naklejek-200-ml\/\" aria-label=\"Etiketten loeser spray 200ml\"><img loading=\"lazy\" decoding=\"async\" width=\"2000\" height=\"3000\" src=\"https:\/\/grafenprofessional.eu\/wp-content\/uploads\/2019\/06\/Zmywacz-do-etykiet-z-odbiciem.png\" class=\"attachment-full size-full wp-post-image\" alt=\"Zmywacz do etykiet i naklejek 200 ml\" srcset=\"https:\/\/grafenprofessional.eu\/wp-content\/uploads\/2019\/06\/Zmywacz-do-etykiet-z-odbiciem.png 2000w, https:\/\/grafenprofessional.eu\/wp-content\/uploads\/2019\/06\/Zmywacz-do-etykiet-z-odbiciem-200x300.png 200w, https:\/\/grafenprofessional.eu\/wp-content\/uploads\/2019\/06\/Zmywacz-do-etykiet-z-odbiciem-683x1024.png 683w, https:\/\/grafenprofessional.eu\/wp-content\/uploads\/2019\/06\/Zmywacz-do-etykiet-z-odbiciem-768x1152.png 768w\" sizes=\"auto, (max-width: 2000px) 100vw, 2000px\" \/><\/a><\/div><span class=\"w-post-elm post_title usg_post_title_1 entry-title color_link_inherit\"><a href=\"https:\/\/grafenprofessional.eu\/de\/produkty\/zmywacz-do-etykiet-i-naklejek-200-ml\/\">Etiketten loeser spray 200ml<\/a><\/span><a class=\"w-btn us-btn-style_5 usg_btn_1\" href=\"https:\/\/grafenprofessional.eu\/de\/produkty\/zmywacz-do-etykiet-i-naklejek-200-ml\/\"><span class=\"w-btn-label\">Zobacz produkt<\/span><\/a><\/div>\t\t<\/div>\r\n\t\t\t<\/article>\r\n\t<article class=\"w-grid-item post-3784 us_portfolio type-us_portfolio status-publish has-post-thumbnail hentry us_portfolio_category-chemia-kosmetyczna-de us_portfolio_category-chemia-motoryzacyjna-de\" data-id=\"3784\">\r\n\t\t<div class=\"w-grid-item-h\">\r\n\t\t\t\t\t\t\t<a href=\"https:\/\/grafenprofessional.eu\/de\/produkty\/graflock-3243\/\" class=\"w-grid-item-anchor\" aria-label=\"Graflock 3243\"><\/a>\r\n\t\t\t\t\t\t<div class=\"w-vwrapper usg_vwrapper_1 align_center valign_middle\"><div class=\"w-post-elm post_image usg_post_image_1 stretched\"><a href=\"https:\/\/grafenprofessional.eu\/de\/produkty\/graflock-3243\/\" aria-label=\"Graflock 3243\"><img loading=\"lazy\" decoding=\"async\" width=\"250\" height=\"400\" src=\"https:\/\/grafenprofessional.eu\/wp-content\/uploads\/2019\/06\/GRAFLOCK-3243-wizualizacja-0.5.png\" class=\"attachment-full size-full wp-post-image\" alt=\"Graflock 3243\" srcset=\"https:\/\/grafenprofessional.eu\/wp-content\/uploads\/2019\/06\/GRAFLOCK-3243-wizualizacja-0.5.png 250w, https:\/\/grafenprofessional.eu\/wp-content\/uploads\/2019\/06\/GRAFLOCK-3243-wizualizacja-0.5-188x300.png 188w\" sizes=\"auto, (max-width: 250px) 100vw, 250px\" \/><\/a><\/div><span class=\"w-post-elm post_title usg_post_title_1 entry-title color_link_inherit\"><a href=\"https:\/\/grafenprofessional.eu\/de\/produkty\/graflock-3243\/\">Graflock 3243<\/a><\/span><a class=\"w-btn us-btn-style_5 usg_btn_1\" href=\"https:\/\/grafenprofessional.eu\/de\/produkty\/graflock-3243\/\"><span class=\"w-btn-label\">Zobacz produkt<\/span><\/a><\/div>\t\t<\/div>\r\n\t\t\t<\/article>\r\n\t<article class=\"w-grid-item post-3730 us_portfolio type-us_portfolio status-publish has-post-thumbnail hentry us_portfolio_category-chemia-kosmetyczna-de us_portfolio_category-chemia-motoryzacyjna-de us_portfolio_tag-grafenprofessional-de us_portfolio_tag-grafenspray-de us_portfolio_tag-gurtregenerationsmittel us_portfolio_tag-pasybezpieczenstwa-de us_portfolio_tag-pielegnacjapasow-de us_portfolio_tag-spraydopasow-de\" data-id=\"3730\">\r\n\t\t<div class=\"w-grid-item-h\">\r\n\t\t\t\t\t\t\t<a href=\"https:\/\/grafenprofessional.eu\/de\/produkty\/gurtregenerationsmittel-400-ml\/\" class=\"w-grid-item-anchor\" aria-label=\"Gurtregenerationsmittel 400 ml\"><\/a>\r\n\t\t\t\t\t\t<div class=\"w-vwrapper usg_vwrapper_1 align_center valign_middle\"><div class=\"w-post-elm post_image usg_post_image_1 stretched\"><a href=\"https:\/\/grafenprofessional.eu\/de\/produkty\/gurtregenerationsmittel-400-ml\/\" aria-label=\"Gurtregenerationsmittel 400 ml\"><img loading=\"lazy\" decoding=\"async\" width=\"2000\" height=\"3000\" src=\"https:\/\/grafenprofessional.eu\/wp-content\/uploads\/2019\/06\/GP-SEATBELT-LUBRICANT-SPRAY-400-ml-EAN-5902854570768-2019-05-06-a-wizualizacja.png\" class=\"attachment-full size-full wp-post-image\" alt=\"\u015arodek do pas\u00f3w bezpiecze\u0144stwa 400 ml\" srcset=\"https:\/\/grafenprofessional.eu\/wp-content\/uploads\/2019\/06\/GP-SEATBELT-LUBRICANT-SPRAY-400-ml-EAN-5902854570768-2019-05-06-a-wizualizacja.png 2000w, https:\/\/grafenprofessional.eu\/wp-content\/uploads\/2019\/06\/GP-SEATBELT-LUBRICANT-SPRAY-400-ml-EAN-5902854570768-2019-05-06-a-wizualizacja-200x300.png 200w, https:\/\/grafenprofessional.eu\/wp-content\/uploads\/2019\/06\/GP-SEATBELT-LUBRICANT-SPRAY-400-ml-EAN-5902854570768-2019-05-06-a-wizualizacja-683x1024.png 683w, https:\/\/grafenprofessional.eu\/wp-content\/uploads\/2019\/06\/GP-SEATBELT-LUBRICANT-SPRAY-400-ml-EAN-5902854570768-2019-05-06-a-wizualizacja-768x1152.png 768w\" sizes=\"auto, (max-width: 2000px) 100vw, 2000px\" \/><\/a><\/div><span class=\"w-post-elm post_title usg_post_title_1 entry-title color_link_inherit\"><a href=\"https:\/\/grafenprofessional.eu\/de\/produkty\/gurtregenerationsmittel-400-ml\/\">Gurtregenerationsmittel 400 ml<\/a><\/span><a class=\"w-btn us-btn-style_5 usg_btn_1\" href=\"https:\/\/grafenprofessional.eu\/de\/produkty\/gurtregenerationsmittel-400-ml\/\"><span class=\"w-btn-label\">Zobacz produkt<\/span><\/a><\/div>\t\t<\/div>\r\n\t\t\t<\/article>\r\n\t<article class=\"w-grid-item post-2475 us_portfolio type-us_portfolio status-publish has-post-thumbnail hentry us_portfolio_category-chemia-budowlana-de\" data-id=\"2475\">\r\n\t\t<div class=\"w-grid-item-h\">\r\n\t\t\t\t\t\t\t<a href=\"https:\/\/grafenprofessional.eu\/de\/produkty\/ganzjaehrig-montageschaum-625-g\/\" class=\"w-grid-item-anchor\" aria-label=\"Ganzj\u00e4hrig montageschaum 625 g\"><\/a>\r\n\t\t\t\t\t\t<div class=\"w-vwrapper usg_vwrapper_1 align_center valign_middle\"><div class=\"w-post-elm post_image usg_post_image_1 stretched\"><a href=\"https:\/\/grafenprofessional.eu\/de\/produkty\/ganzjaehrig-montageschaum-625-g\/\" aria-label=\"Ganzj\u00e4hrig montageschaum 625 g\"><img loading=\"lazy\" decoding=\"async\" width=\"794\" height=\"1123\" src=\"https:\/\/grafenprofessional.eu\/wp-content\/uploads\/2024\/12\/rysu555533nek3-1.png\" class=\"attachment-full size-full wp-post-image\" alt=\"\" srcset=\"https:\/\/grafenprofessional.eu\/wp-content\/uploads\/2024\/12\/rysu555533nek3-1.png 794w, https:\/\/grafenprofessional.eu\/wp-content\/uploads\/2024\/12\/rysu555533nek3-1-212x300.png 212w, https:\/\/grafenprofessional.eu\/wp-content\/uploads\/2024\/12\/rysu555533nek3-1-724x1024.png 724w, https:\/\/grafenprofessional.eu\/wp-content\/uploads\/2024\/12\/rysu555533nek3-1-768x1086.png 768w\" sizes=\"auto, (max-width: 794px) 100vw, 794px\" \/><\/a><\/div><span class=\"w-post-elm post_title usg_post_title_1 entry-title color_link_inherit\"><a href=\"https:\/\/grafenprofessional.eu\/de\/produkty\/ganzjaehrig-montageschaum-625-g\/\">Ganzj\u00e4hrig montageschaum 625 g<\/a><\/span><a class=\"w-btn us-btn-style_5 usg_btn_1\" href=\"https:\/\/grafenprofessional.eu\/de\/produkty\/ganzjaehrig-montageschaum-625-g\/\"><span class=\"w-btn-label\">Zobacz produkt<\/span><\/a><\/div>\t\t<\/div>\r\n\t\t\t<\/article>\r\n\t<article class=\"w-grid-item post-2364 us_portfolio type-us_portfolio status-publish has-post-thumbnail hentry us_portfolio_category-chemia-budowlana-de\" data-id=\"2364\">\r\n\t\t<div class=\"w-grid-item-h\">\r\n\t\t\t\t\t\t\t<a href=\"https:\/\/grafenprofessional.eu\/de\/produkty\/neutral-silikon-oxime\/\" class=\"w-grid-item-anchor\" aria-label=\"Neutral  Silikon Oxime\"><\/a>\r\n\t\t\t\t\t\t<div class=\"w-vwrapper usg_vwrapper_1 align_center valign_middle\"><div class=\"w-post-elm post_image usg_post_image_1 stretched\"><a href=\"https:\/\/grafenprofessional.eu\/de\/produkty\/neutral-silikon-oxime\/\" aria-label=\"Neutral  Silikon Oxime\"><img loading=\"lazy\" decoding=\"async\" width=\"2000\" height=\"3000\" src=\"https:\/\/grafenprofessional.eu\/wp-content\/uploads\/2024\/03\/silikon-neutralny-2024_RGB_cut.png\" class=\"attachment-full size-full wp-post-image\" alt=\"Silikon neutralny Grafen\" srcset=\"https:\/\/grafenprofessional.eu\/wp-content\/uploads\/2024\/03\/silikon-neutralny-2024_RGB_cut.png 2000w, https:\/\/grafenprofessional.eu\/wp-content\/uploads\/2024\/03\/silikon-neutralny-2024_RGB_cut-200x300.png 200w, https:\/\/grafenprofessional.eu\/wp-content\/uploads\/2024\/03\/silikon-neutralny-2024_RGB_cut-683x1024.png 683w, https:\/\/grafenprofessional.eu\/wp-content\/uploads\/2024\/03\/silikon-neutralny-2024_RGB_cut-768x1152.png 768w\" sizes=\"auto, (max-width: 2000px) 100vw, 2000px\" \/><\/a><\/div><span class=\"w-post-elm post_title usg_post_title_1 entry-title color_link_inherit\"><a href=\"https:\/\/grafenprofessional.eu\/de\/produkty\/neutral-silikon-oxime\/\">Neutral  Silikon Oxime<\/a><\/span><a class=\"w-btn us-btn-style_5 usg_btn_1\" href=\"https:\/\/grafenprofessional.eu\/de\/produkty\/neutral-silikon-oxime\/\"><span class=\"w-btn-label\">Zobacz produkt<\/span><\/a><\/div>\t\t<\/div>\r\n\t\t\t<\/article>\r\n\t<article class=\"w-grid-item post-1881 us_portfolio type-us_portfolio status-publish has-post-thumbnail hentry us_portfolio_category-chemia-budowlana-de\" data-id=\"1881\">\r\n\t\t<div class=\"w-grid-item-h\">\r\n\t\t\t\t\t\t\t<a href=\"https:\/\/grafenprofessional.eu\/de\/produkty\/polyurethanschaum-625g\/\" class=\"w-grid-item-anchor\" aria-label=\"Polyurethanschaum 625g\"><\/a>\r\n\t\t\t\t\t\t<div class=\"w-vwrapper usg_vwrapper_1 align_center valign_middle\"><div class=\"w-post-elm post_image usg_post_image_1 stretched\"><a href=\"https:\/\/grafenprofessional.eu\/de\/produkty\/polyurethanschaum-625g\/\" aria-label=\"Polyurethanschaum 625g\"><img loading=\"lazy\" decoding=\"async\" width=\"1707\" height=\"2560\" src=\"https:\/\/grafenprofessional.eu\/wp-content\/uploads\/2024\/08\/GP-FOAM-ALL-WEATHER-GUN-EAN-5902854570584-2020-02-21-a-curves-photoaidcom-photoaid-remove-background-scaled.jpg\" class=\"attachment-full size-full wp-post-image\" alt=\"\" srcset=\"https:\/\/grafenprofessional.eu\/wp-content\/uploads\/2024\/08\/GP-FOAM-ALL-WEATHER-GUN-EAN-5902854570584-2020-02-21-a-curves-photoaidcom-photoaid-remove-background-scaled.jpg 1707w, https:\/\/grafenprofessional.eu\/wp-content\/uploads\/2024\/08\/GP-FOAM-ALL-WEATHER-GUN-EAN-5902854570584-2020-02-21-a-curves-photoaidcom-photoaid-remove-background-200x300.jpg 200w, https:\/\/grafenprofessional.eu\/wp-content\/uploads\/2024\/08\/GP-FOAM-ALL-WEATHER-GUN-EAN-5902854570584-2020-02-21-a-curves-photoaidcom-photoaid-remove-background-683x1024.jpg 683w, https:\/\/grafenprofessional.eu\/wp-content\/uploads\/2024\/08\/GP-FOAM-ALL-WEATHER-GUN-EAN-5902854570584-2020-02-21-a-curves-photoaidcom-photoaid-remove-background-768x1152.jpg 768w\" sizes=\"auto, (max-width: 1707px) 100vw, 1707px\" \/><\/a><\/div><span class=\"w-post-elm post_title usg_post_title_1 entry-title color_link_inherit\"><a href=\"https:\/\/grafenprofessional.eu\/de\/produkty\/polyurethanschaum-625g\/\">Polyurethanschaum 625g<\/a><\/span><a class=\"w-btn us-btn-style_5 usg_btn_1\" href=\"https:\/\/grafenprofessional.eu\/de\/produkty\/polyurethanschaum-625g\/\"><span class=\"w-btn-label\">Zobacz produkt<\/span><\/a><\/div>\t\t<\/div>\r\n\t\t\t<\/article>\r\n\t<article class=\"w-grid-item post-1797 us_portfolio type-us_portfolio status-publish has-post-thumbnail hentry\" data-id=\"1797\">\r\n\t\t<div class=\"w-grid-item-h\">\r\n\t\t\t\t\t\t\t<a href=\"https:\/\/grafenprofessional.eu\/de\/produkty\/pu-schaum-pistolen-845g-750ml\/\" class=\"w-grid-item-anchor\" aria-label=\"Ganzj\u00e4hrig Pu-Schaum \u2013 Pistolen 845g 750ml\"><\/a>\r\n\t\t\t\t\t\t<div class=\"w-vwrapper usg_vwrapper_1 align_center valign_middle\"><div class=\"w-post-elm post_image usg_post_image_1 stretched\"><a href=\"https:\/\/grafenprofessional.eu\/de\/produkty\/pu-schaum-pistolen-845g-750ml\/\" aria-label=\"Ganzj\u00e4hrig Pu-Schaum \u2013 Pistolen 845g 750ml\"><img loading=\"lazy\" decoding=\"async\" width=\"2048\" height=\"2048\" src=\"https:\/\/grafenprofessional.eu\/wp-content\/uploads\/2023\/05\/KOB28890.jpg\" class=\"attachment-full size-full wp-post-image\" alt=\"Pianka pistoletowa Grafen\" srcset=\"https:\/\/grafenprofessional.eu\/wp-content\/uploads\/2023\/05\/KOB28890.jpg 2048w, https:\/\/grafenprofessional.eu\/wp-content\/uploads\/2023\/05\/KOB28890-300x300.jpg 300w, https:\/\/grafenprofessional.eu\/wp-content\/uploads\/2023\/05\/KOB28890-1024x1024.jpg 1024w, https:\/\/grafenprofessional.eu\/wp-content\/uploads\/2023\/05\/KOB28890-150x150.jpg 150w, https:\/\/grafenprofessional.eu\/wp-content\/uploads\/2023\/05\/KOB28890-350x350.jpg 350w, https:\/\/grafenprofessional.eu\/wp-content\/uploads\/2023\/05\/KOB28890-600x600.jpg 600w, https:\/\/grafenprofessional.eu\/wp-content\/uploads\/2023\/05\/KOB28890-768x768.jpg 768w\" sizes=\"auto, (max-width: 2048px) 100vw, 2048px\" \/><\/a><\/div><span class=\"w-post-elm post_title usg_post_title_1 entry-title color_link_inherit\"><a href=\"https:\/\/grafenprofessional.eu\/de\/produkty\/pu-schaum-pistolen-845g-750ml\/\">Ganzj\u00e4hrig Pu-Schaum \u2013 Pistolen 845g 750ml<\/a><\/span><a class=\"w-btn us-btn-style_5 usg_btn_1\" href=\"https:\/\/grafenprofessional.eu\/de\/produkty\/pu-schaum-pistolen-845g-750ml\/\"><span class=\"w-btn-label\">Zobacz produkt<\/span><\/a><\/div>\t\t<\/div>\r\n\t\t\t<\/article>\r\n\t<article class=\"w-grid-item post-1781 us_portfolio type-us_portfolio status-publish has-post-thumbnail hentry us_portfolio_category-chemia-budowlana-de us_portfolio_category-stronaglowna-de\" data-id=\"1781\">\r\n\t\t<div class=\"w-grid-item-h\">\r\n\t\t\t\t\t\t\t<a href=\"https:\/\/grafenprofessional.eu\/de\/produkty\/polyurethanschaum-xxl\/\" class=\"w-grid-item-anchor\" aria-label=\"Polyurethanschaum XXL 1000g\"><\/a>\r\n\t\t\t\t\t\t<div class=\"w-vwrapper usg_vwrapper_1 align_center valign_middle\"><div class=\"w-post-elm post_image usg_post_image_1 stretched\"><a href=\"https:\/\/grafenprofessional.eu\/de\/produkty\/polyurethanschaum-xxl\/\" aria-label=\"Polyurethanschaum XXL 1000g\"><img loading=\"lazy\" decoding=\"async\" width=\"1707\" height=\"2560\" src=\"https:\/\/grafenprofessional.eu\/wp-content\/uploads\/2024\/08\/GP-FOAM-XXL-GUN-EAN-5902854571482-2020-02-24-a-curves-photoaidcom-photoaid-remove-background-1-scaled.jpg\" class=\"attachment-full size-full wp-post-image\" alt=\"\" srcset=\"https:\/\/grafenprofessional.eu\/wp-content\/uploads\/2024\/08\/GP-FOAM-XXL-GUN-EAN-5902854571482-2020-02-24-a-curves-photoaidcom-photoaid-remove-background-1-scaled.jpg 1707w, https:\/\/grafenprofessional.eu\/wp-content\/uploads\/2024\/08\/GP-FOAM-XXL-GUN-EAN-5902854571482-2020-02-24-a-curves-photoaidcom-photoaid-remove-background-1-200x300.jpg 200w, https:\/\/grafenprofessional.eu\/wp-content\/uploads\/2024\/08\/GP-FOAM-XXL-GUN-EAN-5902854571482-2020-02-24-a-curves-photoaidcom-photoaid-remove-background-1-683x1024.jpg 683w, https:\/\/grafenprofessional.eu\/wp-content\/uploads\/2024\/08\/GP-FOAM-XXL-GUN-EAN-5902854571482-2020-02-24-a-curves-photoaidcom-photoaid-remove-background-1-768x1152.jpg 768w\" sizes=\"auto, (max-width: 1707px) 100vw, 1707px\" \/><\/a><\/div><span class=\"w-post-elm post_title usg_post_title_1 entry-title color_link_inherit\"><a href=\"https:\/\/grafenprofessional.eu\/de\/produkty\/polyurethanschaum-xxl\/\">Polyurethanschaum XXL 1000g<\/a><\/span><a class=\"w-btn us-btn-style_5 usg_btn_1\" href=\"https:\/\/grafenprofessional.eu\/de\/produkty\/polyurethanschaum-xxl\/\"><span class=\"w-btn-label\">Zobacz produkt<\/span><\/a><\/div>\t\t<\/div>\r\n\t\t\t<\/article>\r\n\t<article class=\"w-grid-item post-1756 us_portfolio type-us_portfolio status-publish has-post-thumbnail hentry us_portfolio_category-chemia-budowlana-de us_portfolio_category-stronaglowna us_portfolio_category-stronaglowna-de\" data-id=\"1756\">\r\n\t\t<div class=\"w-grid-item-h\">\r\n\t\t\t\t\t\t\t<a href=\"https:\/\/grafenprofessional.eu\/de\/produkty\/brandschutz-pistolenschaum-900g\/\" class=\"w-grid-item-anchor\" aria-label=\"Brandschutz Pistolenschaum 900g\"><\/a>\r\n\t\t\t\t\t\t<div class=\"w-vwrapper usg_vwrapper_1 align_center valign_middle\"><div class=\"w-post-elm post_image usg_post_image_1 stretched\"><a href=\"https:\/\/grafenprofessional.eu\/de\/produkty\/brandschutz-pistolenschaum-900g\/\" aria-label=\"Brandschutz Pistolenschaum 900g\"><img loading=\"lazy\" decoding=\"async\" width=\"2000\" height=\"3000\" src=\"https:\/\/grafenprofessional.eu\/wp-content\/uploads\/2023\/05\/B1-wizualizacja_S.png\" class=\"attachment-full size-full wp-post-image\" alt=\"Pianka pistoletowa ognioochronna Grafen\" srcset=\"https:\/\/grafenprofessional.eu\/wp-content\/uploads\/2023\/05\/B1-wizualizacja_S.png 2000w, https:\/\/grafenprofessional.eu\/wp-content\/uploads\/2023\/05\/B1-wizualizacja_S-200x300.png 200w, https:\/\/grafenprofessional.eu\/wp-content\/uploads\/2023\/05\/B1-wizualizacja_S-683x1024.png 683w, https:\/\/grafenprofessional.eu\/wp-content\/uploads\/2023\/05\/B1-wizualizacja_S-768x1152.png 768w\" sizes=\"auto, (max-width: 2000px) 100vw, 2000px\" \/><\/a><\/div><span class=\"w-post-elm post_title usg_post_title_1 entry-title color_link_inherit\"><a href=\"https:\/\/grafenprofessional.eu\/de\/produkty\/brandschutz-pistolenschaum-900g\/\">Brandschutz Pistolenschaum 900g<\/a><\/span><a class=\"w-btn us-btn-style_5 usg_btn_1\" href=\"https:\/\/grafenprofessional.eu\/de\/produkty\/brandschutz-pistolenschaum-900g\/\"><span class=\"w-btn-label\">Zobacz produkt<\/span><\/a><\/div>\t\t<\/div>\r\n\t\t\t<\/article>\r\n\t<article class=\"w-grid-item post-1708 us_portfolio type-us_portfolio status-publish has-post-thumbnail hentry us_portfolio_category-chemia-budowlana-de\" data-id=\"1708\">\r\n\t\t<div class=\"w-grid-item-h\">\r\n\t\t\t\t\t\t\t<a href=\"https:\/\/grafenprofessional.eu\/de\/produkty\/polyurethan-dichtungsmittel-pu-40\/\" class=\"w-grid-item-anchor\" aria-label=\"Polyurethan Dichtungsmittel PU 40\"><\/a>\r\n\t\t\t\t\t\t<div class=\"w-vwrapper usg_vwrapper_1 align_center valign_middle\"><div class=\"w-post-elm post_image usg_post_image_1 stretched\"><a href=\"https:\/\/grafenprofessional.eu\/de\/produkty\/polyurethan-dichtungsmittel-pu-40\/\" aria-label=\"Polyurethan Dichtungsmittel PU 40\"><img loading=\"lazy\" decoding=\"async\" width=\"2048\" height=\"2048\" src=\"https:\/\/grafenprofessional.eu\/wp-content\/uploads\/2024\/04\/KOB28947-Edit.jpg\" class=\"attachment-full size-full wp-post-image\" alt=\"\" srcset=\"https:\/\/grafenprofessional.eu\/wp-content\/uploads\/2024\/04\/KOB28947-Edit.jpg 2048w, https:\/\/grafenprofessional.eu\/wp-content\/uploads\/2024\/04\/KOB28947-Edit-300x300.jpg 300w, https:\/\/grafenprofessional.eu\/wp-content\/uploads\/2024\/04\/KOB28947-Edit-1024x1024.jpg 1024w, https:\/\/grafenprofessional.eu\/wp-content\/uploads\/2024\/04\/KOB28947-Edit-150x150.jpg 150w, https:\/\/grafenprofessional.eu\/wp-content\/uploads\/2024\/04\/KOB28947-Edit-350x350.jpg 350w, https:\/\/grafenprofessional.eu\/wp-content\/uploads\/2024\/04\/KOB28947-Edit-600x600.jpg 600w, https:\/\/grafenprofessional.eu\/wp-content\/uploads\/2024\/04\/KOB28947-Edit-768x768.jpg 768w\" sizes=\"auto, (max-width: 2048px) 100vw, 2048px\" \/><\/a><\/div><span class=\"w-post-elm post_title usg_post_title_1 entry-title color_link_inherit\"><a href=\"https:\/\/grafenprofessional.eu\/de\/produkty\/polyurethan-dichtungsmittel-pu-40\/\">Polyurethan Dichtungsmittel PU 40<\/a><\/span><a class=\"w-btn us-btn-style_5 usg_btn_1\" href=\"https:\/\/grafenprofessional.eu\/de\/produkty\/polyurethan-dichtungsmittel-pu-40\/\"><span class=\"w-btn-label\">Zobacz produkt<\/span><\/a><\/div>\t\t<\/div>\r\n\t\t\t<\/article>\r\n\t<article class=\"w-grid-item post-1637 us_portfolio type-us_portfolio status-publish has-post-thumbnail hentry us_portfolio_category-chemia-budowlana-de us_portfolio_category-stronaglowna-de\" data-id=\"1637\">\r\n\t\t<div class=\"w-grid-item-h\">\r\n\t\t\t\t\t\t\t<a href=\"https:\/\/grafenprofessional.eu\/de\/produkty\/niederdruck-pistolenschaum-820-g\/\" class=\"w-grid-item-anchor\" aria-label=\"Niederdruck Pistolenschaum 820g\"><\/a>\r\n\t\t\t\t\t\t<div class=\"w-vwrapper usg_vwrapper_1 align_center valign_middle\"><div class=\"w-post-elm post_image usg_post_image_1 stretched\"><a href=\"https:\/\/grafenprofessional.eu\/de\/produkty\/niederdruck-pistolenschaum-820-g\/\" aria-label=\"Niederdruck Pistolenschaum 820g\"><img loading=\"lazy\" decoding=\"async\" width=\"1707\" height=\"2560\" src=\"https:\/\/grafenprofessional.eu\/wp-content\/uploads\/2024\/08\/GP-FOAM-LOWEXPANSION-GUN-840-EAN-5902854570478-2020-02-10-c-curves-scaled-photoaidcom-photoaid-remove-background.jpg\" class=\"attachment-full size-full wp-post-image\" alt=\"\" srcset=\"https:\/\/grafenprofessional.eu\/wp-content\/uploads\/2024\/08\/GP-FOAM-LOWEXPANSION-GUN-840-EAN-5902854570478-2020-02-10-c-curves-scaled-photoaidcom-photoaid-remove-background.jpg 1707w, https:\/\/grafenprofessional.eu\/wp-content\/uploads\/2024\/08\/GP-FOAM-LOWEXPANSION-GUN-840-EAN-5902854570478-2020-02-10-c-curves-scaled-photoaidcom-photoaid-remove-background-200x300.jpg 200w, https:\/\/grafenprofessional.eu\/wp-content\/uploads\/2024\/08\/GP-FOAM-LOWEXPANSION-GUN-840-EAN-5902854570478-2020-02-10-c-curves-scaled-photoaidcom-photoaid-remove-background-683x1024.jpg 683w, https:\/\/grafenprofessional.eu\/wp-content\/uploads\/2024\/08\/GP-FOAM-LOWEXPANSION-GUN-840-EAN-5902854570478-2020-02-10-c-curves-scaled-photoaidcom-photoaid-remove-background-768x1152.jpg 768w\" sizes=\"auto, (max-width: 1707px) 100vw, 1707px\" \/><\/a><\/div><span class=\"w-post-elm post_title usg_post_title_1 entry-title color_link_inherit\"><a href=\"https:\/\/grafenprofessional.eu\/de\/produkty\/niederdruck-pistolenschaum-820-g\/\">Niederdruck Pistolenschaum 820g<\/a><\/span><a class=\"w-btn us-btn-style_5 usg_btn_1\" href=\"https:\/\/grafenprofessional.eu\/de\/produkty\/niederdruck-pistolenschaum-820-g\/\"><span class=\"w-btn-label\">Zobacz produkt<\/span><\/a><\/div>\t\t<\/div>\r\n\t\t\t<\/article>\r\n\t<article class=\"w-grid-item post-1611 us_portfolio type-us_portfolio status-publish has-post-thumbnail hentry us_portfolio_category-chemia-budowlana-de us_portfolio_category-stronaglowna-de us_portfolio_category-stronaglowna\" data-id=\"1611\">\r\n\t\t<div class=\"w-grid-item-h\">\r\n\t\t\t\t\t\t\t<a href=\"https:\/\/grafenprofessional.eu\/de\/produkty\/pistolen-und-pu-schaumreiniger\/\" class=\"w-grid-item-anchor\" aria-label=\"Pistolen- Und PU Schaumreiniger\"><\/a>\r\n\t\t\t\t\t\t<div class=\"w-vwrapper usg_vwrapper_1 align_center valign_middle\"><div class=\"w-post-elm post_image usg_post_image_1 stretched\"><a href=\"https:\/\/grafenprofessional.eu\/de\/produkty\/pistolen-und-pu-schaumreiniger\/\" aria-label=\"Pistolen- Und PU Schaumreiniger\"><img loading=\"lazy\" decoding=\"async\" width=\"250\" height=\"400\" src=\"https:\/\/grafenprofessional.eu\/wp-content\/uploads\/2018\/07\/Czyscik-do-pian-poliuretanowych.jpg\" class=\"attachment-full size-full wp-post-image\" alt=\"Czy\u015bcik do pian poliuretanowych Grafen\" srcset=\"https:\/\/grafenprofessional.eu\/wp-content\/uploads\/2018\/07\/Czyscik-do-pian-poliuretanowych.jpg 250w, https:\/\/grafenprofessional.eu\/wp-content\/uploads\/2018\/07\/Czyscik-do-pian-poliuretanowych-188x300.jpg 188w\" sizes=\"auto, (max-width: 250px) 100vw, 250px\" \/><\/a><\/div><span class=\"w-post-elm post_title usg_post_title_1 entry-title color_link_inherit\"><a href=\"https:\/\/grafenprofessional.eu\/de\/produkty\/pistolen-und-pu-schaumreiniger\/\">Pistolen- Und PU Schaumreiniger<\/a><\/span><a class=\"w-btn us-btn-style_5 usg_btn_1\" href=\"https:\/\/grafenprofessional.eu\/de\/produkty\/pistolen-und-pu-schaumreiniger\/\"><span class=\"w-btn-label\">Zobacz produkt<\/span><\/a><\/div>\t\t<\/div>\r\n\t\t\t<\/article>\r\n\t<article class=\"w-grid-item post-1573 us_portfolio type-us_portfolio status-publish has-post-thumbnail hentry us_portfolio_category-chemia-budowlana-de\" data-id=\"1573\">\r\n\t\t<div class=\"w-grid-item-h\">\r\n\t\t\t\t\t\t\t<a href=\"https:\/\/grafenprofessional.eu\/de\/produkty\/niederdruck-pistolenschaum-900-g\/\" class=\"w-grid-item-anchor\" aria-label=\"Niederdruck  Pistolenschaum 900g\"><\/a>\r\n\t\t\t\t\t\t<div class=\"w-vwrapper usg_vwrapper_1 align_center valign_middle\"><div class=\"w-post-elm post_image usg_post_image_1 stretched\"><a href=\"https:\/\/grafenprofessional.eu\/de\/produkty\/niederdruck-pistolenschaum-900-g\/\" aria-label=\"Niederdruck  Pistolenschaum 900g\"><img loading=\"lazy\" decoding=\"async\" width=\"1707\" height=\"2560\" src=\"https:\/\/grafenprofessional.eu\/wp-content\/uploads\/2024\/08\/GP-FOAM-LOWEXPANSION-GUN-905g-EAN-5903111757069-PL-EN-DE-2020-02-10-b-curves-scaled-photoaidcom-photoaid-remove-background.jpg\" class=\"attachment-full size-full wp-post-image\" alt=\"\" srcset=\"https:\/\/grafenprofessional.eu\/wp-content\/uploads\/2024\/08\/GP-FOAM-LOWEXPANSION-GUN-905g-EAN-5903111757069-PL-EN-DE-2020-02-10-b-curves-scaled-photoaidcom-photoaid-remove-background.jpg 1707w, https:\/\/grafenprofessional.eu\/wp-content\/uploads\/2024\/08\/GP-FOAM-LOWEXPANSION-GUN-905g-EAN-5903111757069-PL-EN-DE-2020-02-10-b-curves-scaled-photoaidcom-photoaid-remove-background-200x300.jpg 200w, https:\/\/grafenprofessional.eu\/wp-content\/uploads\/2024\/08\/GP-FOAM-LOWEXPANSION-GUN-905g-EAN-5903111757069-PL-EN-DE-2020-02-10-b-curves-scaled-photoaidcom-photoaid-remove-background-683x1024.jpg 683w, https:\/\/grafenprofessional.eu\/wp-content\/uploads\/2024\/08\/GP-FOAM-LOWEXPANSION-GUN-905g-EAN-5903111757069-PL-EN-DE-2020-02-10-b-curves-scaled-photoaidcom-photoaid-remove-background-768x1152.jpg 768w\" sizes=\"auto, (max-width: 1707px) 100vw, 1707px\" \/><\/a><\/div><span class=\"w-post-elm post_title usg_post_title_1 entry-title color_link_inherit\"><a href=\"https:\/\/grafenprofessional.eu\/de\/produkty\/niederdruck-pistolenschaum-900-g\/\">Niederdruck  Pistolenschaum 900g<\/a><\/span><a class=\"w-btn us-btn-style_5 usg_btn_1\" href=\"https:\/\/grafenprofessional.eu\/de\/produkty\/niederdruck-pistolenschaum-900-g\/\"><span class=\"w-btn-label\">Zobacz produkt<\/span><\/a><\/div>\t\t<\/div>\r\n\t\t\t<\/article>\r\n\t<article class=\"w-grid-item post-1564 us_portfolio type-us_portfolio status-publish has-post-thumbnail hentry us_portfolio_category-chemia-budowlana-de\" data-id=\"1564\">\r\n\t\t<div class=\"w-grid-item-h\">\r\n\t\t\t\t\t\t\t<a href=\"https:\/\/grafenprofessional.eu\/de\/produkty\/neutral-silikony-alkoxy\/\" class=\"w-grid-item-anchor\" aria-label=\"Neutral Silikon alkoxy\"><\/a>\r\n\t\t\t\t\t\t<div class=\"w-vwrapper usg_vwrapper_1 align_center valign_middle\"><div class=\"w-post-elm post_image usg_post_image_1 stretched\"><a href=\"https:\/\/grafenprofessional.eu\/de\/produkty\/neutral-silikony-alkoxy\/\" aria-label=\"Neutral Silikon alkoxy\"><img loading=\"lazy\" decoding=\"async\" width=\"2000\" height=\"3000\" src=\"https:\/\/grafenprofessional.eu\/wp-content\/uploads\/2024\/03\/silikon-neutralny-2024_RGB_cut.png\" class=\"attachment-full size-full wp-post-image\" alt=\"Silikon neutralny Grafen\" srcset=\"https:\/\/grafenprofessional.eu\/wp-content\/uploads\/2024\/03\/silikon-neutralny-2024_RGB_cut.png 2000w, https:\/\/grafenprofessional.eu\/wp-content\/uploads\/2024\/03\/silikon-neutralny-2024_RGB_cut-200x300.png 200w, https:\/\/grafenprofessional.eu\/wp-content\/uploads\/2024\/03\/silikon-neutralny-2024_RGB_cut-683x1024.png 683w, https:\/\/grafenprofessional.eu\/wp-content\/uploads\/2024\/03\/silikon-neutralny-2024_RGB_cut-768x1152.png 768w\" sizes=\"auto, (max-width: 2000px) 100vw, 2000px\" \/><\/a><\/div><span class=\"w-post-elm post_title usg_post_title_1 entry-title color_link_inherit\"><a href=\"https:\/\/grafenprofessional.eu\/de\/produkty\/neutral-silikony-alkoxy\/\">Neutral Silikon alkoxy<\/a><\/span><a class=\"w-btn us-btn-style_5 usg_btn_1\" href=\"https:\/\/grafenprofessional.eu\/de\/produkty\/neutral-silikony-alkoxy\/\"><span class=\"w-btn-label\">Zobacz produkt<\/span><\/a><\/div>\t\t<\/div>\r\n\t\t\t<\/article>\r\n\t<article class=\"w-grid-item post-1536 us_portfolio type-us_portfolio status-publish has-post-thumbnail hentry us_portfolio_category-chemia-budowlana-de\" data-id=\"1536\">\r\n\t\t<div class=\"w-grid-item-h\">\r\n\t\t\t\t\t\t\t<a href=\"https:\/\/grafenprofessional.eu\/de\/produkty\/universal-silikon\/\" class=\"w-grid-item-anchor\" aria-label=\"Universal silikon\"><\/a>\r\n\t\t\t\t\t\t<div class=\"w-vwrapper usg_vwrapper_1 align_center valign_middle\"><div class=\"w-post-elm post_image usg_post_image_1 stretched\"><a href=\"https:\/\/grafenprofessional.eu\/de\/produkty\/universal-silikon\/\" aria-label=\"Universal silikon\"><img loading=\"lazy\" decoding=\"async\" width=\"2000\" height=\"3000\" src=\"https:\/\/grafenprofessional.eu\/wp-content\/uploads\/2024\/03\/silikon-uniwersalny-2024_RGB_cut.png\" class=\"attachment-full size-full wp-post-image\" alt=\"Silikon uniwersalny, uszczelniacz\" srcset=\"https:\/\/grafenprofessional.eu\/wp-content\/uploads\/2024\/03\/silikon-uniwersalny-2024_RGB_cut.png 2000w, https:\/\/grafenprofessional.eu\/wp-content\/uploads\/2024\/03\/silikon-uniwersalny-2024_RGB_cut-200x300.png 200w, https:\/\/grafenprofessional.eu\/wp-content\/uploads\/2024\/03\/silikon-uniwersalny-2024_RGB_cut-683x1024.png 683w, https:\/\/grafenprofessional.eu\/wp-content\/uploads\/2024\/03\/silikon-uniwersalny-2024_RGB_cut-768x1152.png 768w\" sizes=\"auto, (max-width: 2000px) 100vw, 2000px\" \/><\/a><\/div><span class=\"w-post-elm post_title usg_post_title_1 entry-title color_link_inherit\"><a href=\"https:\/\/grafenprofessional.eu\/de\/produkty\/universal-silikon\/\">Universal silikon<\/a><\/span><a class=\"w-btn us-btn-style_5 usg_btn_1\" href=\"https:\/\/grafenprofessional.eu\/de\/produkty\/universal-silikon\/\"><span class=\"w-btn-label\">Zobacz produkt<\/span><\/a><\/div>\t\t<\/div>\r\n\t\t\t<\/article>\r\n\t<article class=\"w-grid-item post-1508 us_portfolio type-us_portfolio status-publish has-post-thumbnail hentry us_portfolio_category-chemia-budowlana-de\" data-id=\"1508\">\r\n\t\t<div class=\"w-grid-item-h\">\r\n\t\t\t\t\t\t\t<a href=\"https:\/\/grafenprofessional.eu\/de\/produkty\/sanitary-silikon\/\" class=\"w-grid-item-anchor\" aria-label=\"Sanit\u00e4r silikon\"><\/a>\r\n\t\t\t\t\t\t<div class=\"w-vwrapper usg_vwrapper_1 align_center valign_middle\"><div class=\"w-post-elm post_image usg_post_image_1 stretched\"><a href=\"https:\/\/grafenprofessional.eu\/de\/produkty\/sanitary-silikon\/\" aria-label=\"Sanit\u00e4r silikon\"><img loading=\"lazy\" decoding=\"async\" width=\"2000\" height=\"3000\" src=\"https:\/\/grafenprofessional.eu\/wp-content\/uploads\/2024\/03\/silikon-sanitarny-2024_RGB_cut.png\" class=\"attachment-full size-full wp-post-image\" alt=\"Silikon sanitarny\" srcset=\"https:\/\/grafenprofessional.eu\/wp-content\/uploads\/2024\/03\/silikon-sanitarny-2024_RGB_cut.png 2000w, https:\/\/grafenprofessional.eu\/wp-content\/uploads\/2024\/03\/silikon-sanitarny-2024_RGB_cut-200x300.png 200w, https:\/\/grafenprofessional.eu\/wp-content\/uploads\/2024\/03\/silikon-sanitarny-2024_RGB_cut-683x1024.png 683w, https:\/\/grafenprofessional.eu\/wp-content\/uploads\/2024\/03\/silikon-sanitarny-2024_RGB_cut-768x1152.png 768w\" sizes=\"auto, (max-width: 2000px) 100vw, 2000px\" \/><\/a><\/div><span class=\"w-post-elm post_title usg_post_title_1 entry-title color_link_inherit\"><a href=\"https:\/\/grafenprofessional.eu\/de\/produkty\/sanitary-silikon\/\">Sanit\u00e4r silikon<\/a><\/span><a class=\"w-btn us-btn-style_5 usg_btn_1\" href=\"https:\/\/grafenprofessional.eu\/de\/produkty\/sanitary-silikon\/\"><span class=\"w-btn-label\">Zobacz produkt<\/span><\/a><\/div>\t\t<\/div>\r\n\t\t\t<\/article>\r\n\t<article class=\"w-grid-item post-1498 us_portfolio type-us_portfolio status-publish has-post-thumbnail hentry us_portfolio_category-chemia-budowlana-de us_portfolio_category-stronaglowna us_portfolio_category-stronaglowna-de\" data-id=\"1498\">\r\n\t\t<div class=\"w-grid-item-h\">\r\n\t\t\t\t\t\t\t<a href=\"https:\/\/grafenprofessional.eu\/de\/produkty\/polyurethan-industrie-dichtungsmittel-pu-50\/\" class=\"w-grid-item-anchor\" aria-label=\"Polyurethan Industrie Dichtungsmittel PU 50\"><\/a>\r\n\t\t\t\t\t\t<div class=\"w-vwrapper usg_vwrapper_1 align_center valign_middle\"><div class=\"w-post-elm post_image usg_post_image_1 stretched\"><a href=\"https:\/\/grafenprofessional.eu\/de\/produkty\/polyurethan-industrie-dichtungsmittel-pu-50\/\" aria-label=\"Polyurethan Industrie Dichtungsmittel PU 50\"><img loading=\"lazy\" decoding=\"async\" width=\"250\" height=\"400\" src=\"https:\/\/grafenprofessional.eu\/wp-content\/uploads\/2018\/07\/GP-PU50-SEALANT-grey-300-ml.jpg\" class=\"attachment-full size-full wp-post-image\" alt=\"Uszczelniacz poliuretanowy PU 50\" srcset=\"https:\/\/grafenprofessional.eu\/wp-content\/uploads\/2018\/07\/GP-PU50-SEALANT-grey-300-ml.jpg 250w, https:\/\/grafenprofessional.eu\/wp-content\/uploads\/2018\/07\/GP-PU50-SEALANT-grey-300-ml-188x300.jpg 188w\" sizes=\"auto, (max-width: 250px) 100vw, 250px\" \/><\/a><\/div><span class=\"w-post-elm post_title usg_post_title_1 entry-title color_link_inherit\"><a href=\"https:\/\/grafenprofessional.eu\/de\/produkty\/polyurethan-industrie-dichtungsmittel-pu-50\/\">Polyurethan Industrie Dichtungsmittel PU 50<\/a><\/span><a class=\"w-btn us-btn-style_5 usg_btn_1\" href=\"https:\/\/grafenprofessional.eu\/de\/produkty\/polyurethan-industrie-dichtungsmittel-pu-50\/\"><span class=\"w-btn-label\">Zobacz produkt<\/span><\/a><\/div>\t\t<\/div>\r\n\t\t\t<\/article>\r\n\t<article class=\"w-grid-item post-1489 us_portfolio type-us_portfolio status-publish has-post-thumbnail hentry us_portfolio_category-chemia-budowlana-de\" data-id=\"1489\">\r\n\t\t<div class=\"w-grid-item-h\">\r\n\t\t\t\t\t\t\t<a href=\"https:\/\/grafenprofessional.eu\/de\/produkty\/styroporkleber-900g\/\" class=\"w-grid-item-anchor\" aria-label=\"Styroporkleber 900g\"><\/a>\r\n\t\t\t\t\t\t<div class=\"w-vwrapper usg_vwrapper_1 align_center valign_middle\"><div class=\"w-post-elm post_image usg_post_image_1 stretched\"><a href=\"https:\/\/grafenprofessional.eu\/de\/produkty\/styroporkleber-900g\/\" aria-label=\"Styroporkleber 900g\"><img loading=\"lazy\" decoding=\"async\" width=\"250\" height=\"400\" src=\"https:\/\/grafenprofessional.eu\/wp-content\/uploads\/2018\/07\/GP-PU-ADHESIVE-FOAM-1.jpg\" class=\"attachment-full size-full wp-post-image\" alt=\"Klej do styropianu 913 g\" srcset=\"https:\/\/grafenprofessional.eu\/wp-content\/uploads\/2018\/07\/GP-PU-ADHESIVE-FOAM-1.jpg 250w, https:\/\/grafenprofessional.eu\/wp-content\/uploads\/2018\/07\/GP-PU-ADHESIVE-FOAM-1-188x300.jpg 188w\" sizes=\"auto, (max-width: 250px) 100vw, 250px\" \/><\/a><\/div><span class=\"w-post-elm post_title usg_post_title_1 entry-title color_link_inherit\"><a href=\"https:\/\/grafenprofessional.eu\/de\/produkty\/styroporkleber-900g\/\">Styroporkleber 900g<\/a><\/span><a class=\"w-btn us-btn-style_5 usg_btn_1\" href=\"https:\/\/grafenprofessional.eu\/de\/produkty\/styroporkleber-900g\/\"><span class=\"w-btn-label\">Zobacz produkt<\/span><\/a><\/div>\t\t<\/div>\r\n\t\t\t<\/article>\r\n\t<article class=\"w-grid-item post-1467 us_portfolio type-us_portfolio status-publish has-post-thumbnail hentry us_portfolio_category-chemia-budowlana-de us_portfolio_category-stronaglowna-de\" data-id=\"1467\">\r\n\t\t<div class=\"w-grid-item-h\">\r\n\t\t\t\t\t\t\t<a href=\"https:\/\/grafenprofessional.eu\/de\/produkty\/styroporkleber-840-g\/\" class=\"w-grid-item-anchor\" aria-label=\"Styroporkleber 840 g\"><\/a>\r\n\t\t\t\t\t\t<div class=\"w-vwrapper usg_vwrapper_1 align_center valign_middle\"><div class=\"w-post-elm post_image usg_post_image_1 stretched\"><a href=\"https:\/\/grafenprofessional.eu\/de\/produkty\/styroporkleber-840-g\/\" aria-label=\"Styroporkleber 840 g\"><img loading=\"lazy\" decoding=\"async\" width=\"250\" height=\"400\" src=\"https:\/\/grafenprofessional.eu\/wp-content\/uploads\/2018\/07\/GP-PU-ADHESIVE-FOAM-1-1.jpg\" class=\"attachment-full size-full wp-post-image\" alt=\"Klej do styropianu 840 g\" srcset=\"https:\/\/grafenprofessional.eu\/wp-content\/uploads\/2018\/07\/GP-PU-ADHESIVE-FOAM-1-1.jpg 250w, https:\/\/grafenprofessional.eu\/wp-content\/uploads\/2018\/07\/GP-PU-ADHESIVE-FOAM-1-1-188x300.jpg 188w\" sizes=\"auto, (max-width: 250px) 100vw, 250px\" \/><\/a><\/div><span class=\"w-post-elm post_title usg_post_title_1 entry-title color_link_inherit\"><a href=\"https:\/\/grafenprofessional.eu\/de\/produkty\/styroporkleber-840-g\/\">Styroporkleber 840 g<\/a><\/span><a class=\"w-btn us-btn-style_5 usg_btn_1\" href=\"https:\/\/grafenprofessional.eu\/de\/produkty\/styroporkleber-840-g\/\"><span class=\"w-btn-label\">Zobacz produkt<\/span><\/a><\/div>\t\t<\/div>\r\n\t\t\t<\/article>\r\n\t<article class=\"w-grid-item post-1405 us_portfolio type-us_portfolio status-publish has-post-thumbnail hentry us_portfolio_category-chemia-budowlana-de\" data-id=\"1405\">\r\n\t\t<div class=\"w-grid-item-h\">\r\n\t\t\t\t\t\t\t<a href=\"https:\/\/grafenprofessional.eu\/de\/produkty\/hybryde-50\/\" class=\"w-grid-item-anchor\" aria-label=\"Hybryde 50 Klebe \u2013 und MS Polimer Dichtungsmittel\"><\/a>\r\n\t\t\t\t\t\t<div class=\"w-vwrapper usg_vwrapper_1 align_center valign_middle\"><div class=\"w-post-elm post_image usg_post_image_1 stretched\"><a href=\"https:\/\/grafenprofessional.eu\/de\/produkty\/hybryde-50\/\" aria-label=\"Hybryde 50 Klebe \u2013 und MS Polimer Dichtungsmittel\"><img loading=\"lazy\" decoding=\"async\" width=\"250\" height=\"400\" src=\"https:\/\/grafenprofessional.eu\/wp-content\/uploads\/2018\/07\/GP-GLUE-AND-SEALANT-HYBRYDA-50-white-290-ml.jpg\" class=\"attachment-full size-full wp-post-image\" alt=\"Hybryda 50 - klej i&nbsp;uszczelniacz\" srcset=\"https:\/\/grafenprofessional.eu\/wp-content\/uploads\/2018\/07\/GP-GLUE-AND-SEALANT-HYBRYDA-50-white-290-ml.jpg 250w, https:\/\/grafenprofessional.eu\/wp-content\/uploads\/2018\/07\/GP-GLUE-AND-SEALANT-HYBRYDA-50-white-290-ml-188x300.jpg 188w\" sizes=\"auto, (max-width: 250px) 100vw, 250px\" \/><\/a><\/div><span class=\"w-post-elm post_title usg_post_title_1 entry-title color_link_inherit\"><a href=\"https:\/\/grafenprofessional.eu\/de\/produkty\/hybryde-50\/\">Hybryde 50 Klebe \u2013 und MS Polimer Dichtungsmittel<\/a><\/span><a class=\"w-btn us-btn-style_5 usg_btn_1\" href=\"https:\/\/grafenprofessional.eu\/de\/produkty\/hybryde-50\/\"><span class=\"w-btn-label\">Zobacz produkt<\/span><\/a><\/div>\t\t<\/div>\r\n\t\t\t<\/article>\r\n\t<article class=\"w-grid-item post-1395 us_portfolio type-us_portfolio status-publish has-post-thumbnail hentry us_portfolio_category-chemia-budowlana-de\" data-id=\"1395\">\r\n\t\t<div class=\"w-grid-item-h\">\r\n\t\t\t\t\t\t\t<a href=\"https:\/\/grafenprofessional.eu\/de\/produkty\/hybryde-35\/\" class=\"w-grid-item-anchor\" aria-label=\"Hybryde 35 Klebe \u2013 und MS Polimer Dichtungsmittel\"><\/a>\r\n\t\t\t\t\t\t<div class=\"w-vwrapper usg_vwrapper_1 align_center valign_middle\"><div class=\"w-post-elm post_image usg_post_image_1 stretched\"><a href=\"https:\/\/grafenprofessional.eu\/de\/produkty\/hybryde-35\/\" aria-label=\"Hybryde 35 Klebe \u2013 und MS Polimer Dichtungsmittel\"><img loading=\"lazy\" decoding=\"async\" width=\"250\" height=\"400\" src=\"https:\/\/grafenprofessional.eu\/wp-content\/uploads\/2018\/07\/GP-GLUE-AND-SEALANT-HYBRYDA-35-celar-290-ml.jpg\" class=\"attachment-full size-full wp-post-image\" alt=\"Hybryda 35 - klej i&nbsp;uszczelniacz\" srcset=\"https:\/\/grafenprofessional.eu\/wp-content\/uploads\/2018\/07\/GP-GLUE-AND-SEALANT-HYBRYDA-35-celar-290-ml.jpg 250w, https:\/\/grafenprofessional.eu\/wp-content\/uploads\/2018\/07\/GP-GLUE-AND-SEALANT-HYBRYDA-35-celar-290-ml-188x300.jpg 188w\" sizes=\"auto, (max-width: 250px) 100vw, 250px\" \/><\/a><\/div><span class=\"w-post-elm post_title usg_post_title_1 entry-title color_link_inherit\"><a href=\"https:\/\/grafenprofessional.eu\/de\/produkty\/hybryde-35\/\">Hybryde 35 Klebe \u2013 und MS Polimer Dichtungsmittel<\/a><\/span><a class=\"w-btn us-btn-style_5 usg_btn_1\" href=\"https:\/\/grafenprofessional.eu\/de\/produkty\/hybryde-35\/\"><span class=\"w-btn-label\">Zobacz produkt<\/span><\/a><\/div>\t\t<\/div>\r\n\t\t\t<\/article>\r\n\t<article class=\"w-grid-item post-1383 us_portfolio type-us_portfolio status-publish has-post-thumbnail hentry us_portfolio_category-chemia-budowlana-de us_portfolio_category-stronaglowna-de\" data-id=\"1383\">\r\n\t\t<div class=\"w-grid-item-h\">\r\n\t\t\t\t\t\t\t<a href=\"https:\/\/grafenprofessional.eu\/de\/produkty\/acryl\/\" class=\"w-grid-item-anchor\" aria-label=\"Acryl\"><\/a>\r\n\t\t\t\t\t\t<div class=\"w-vwrapper usg_vwrapper_1 align_center valign_middle\"><div class=\"w-post-elm post_image usg_post_image_1 stretched\"><a href=\"https:\/\/grafenprofessional.eu\/de\/produkty\/acryl\/\" aria-label=\"Acryl\"><img loading=\"lazy\" decoding=\"async\" width=\"2000\" height=\"3000\" src=\"https:\/\/grafenprofessional.eu\/wp-content\/uploads\/2024\/03\/akryl-2024_RGB_cut.png\" class=\"attachment-full size-full wp-post-image\" alt=\"Akryl do wn\u0119trz i na zewn\u0105trz\" srcset=\"https:\/\/grafenprofessional.eu\/wp-content\/uploads\/2024\/03\/akryl-2024_RGB_cut.png 2000w, https:\/\/grafenprofessional.eu\/wp-content\/uploads\/2024\/03\/akryl-2024_RGB_cut-200x300.png 200w, https:\/\/grafenprofessional.eu\/wp-content\/uploads\/2024\/03\/akryl-2024_RGB_cut-683x1024.png 683w, https:\/\/grafenprofessional.eu\/wp-content\/uploads\/2024\/03\/akryl-2024_RGB_cut-768x1152.png 768w\" sizes=\"auto, (max-width: 2000px) 100vw, 2000px\" \/><\/a><\/div><span class=\"w-post-elm post_title usg_post_title_1 entry-title color_link_inherit\"><a href=\"https:\/\/grafenprofessional.eu\/de\/produkty\/acryl\/\">Acryl<\/a><\/span><a class=\"w-btn us-btn-style_5 usg_btn_1\" href=\"https:\/\/grafenprofessional.eu\/de\/produkty\/acryl\/\"><span class=\"w-btn-label\">Zobacz produkt<\/span><\/a><\/div>\t\t<\/div>\r\n\t\t\t<\/article>\r\n\t<article class=\"w-grid-item post-706 us_portfolio type-us_portfolio status-publish has-post-thumbnail hentry us_portfolio_category-chemia-motoryzacyjna-de us_portfolio_category-kleje-i-uszczelniacze-de\" data-id=\"706\">\r\n\t\t<div class=\"w-grid-item-h\">\r\n\t\t\t\t\t\t\t<a href=\"https:\/\/grafenprofessional.eu\/de\/produkty\/graflock-3272-4\/\" class=\"w-grid-item-anchor\" aria-label=\"Graflock 3272\"><\/a>\r\n\t\t\t\t\t\t<div class=\"w-vwrapper usg_vwrapper_1 align_center valign_middle\"><div class=\"w-post-elm post_image usg_post_image_1 stretched\"><a href=\"https:\/\/grafenprofessional.eu\/de\/produkty\/graflock-3272-4\/\" aria-label=\"Graflock 3272\"><img loading=\"lazy\" decoding=\"async\" width=\"249\" height=\"400\" src=\"https:\/\/grafenprofessional.eu\/wp-content\/uploads\/2018\/06\/GRAFLOCK-3272.jpg\" class=\"attachment-full size-full wp-post-image\" alt=\"Graflock 3272\" srcset=\"https:\/\/grafenprofessional.eu\/wp-content\/uploads\/2018\/06\/GRAFLOCK-3272.jpg 249w, https:\/\/grafenprofessional.eu\/wp-content\/uploads\/2018\/06\/GRAFLOCK-3272-187x300.jpg 187w\" sizes=\"auto, (max-width: 249px) 100vw, 249px\" \/><\/a><\/div><span class=\"w-post-elm post_title usg_post_title_1 entry-title color_link_inherit\"><a href=\"https:\/\/grafenprofessional.eu\/de\/produkty\/graflock-3272-4\/\">Graflock 3272<\/a><\/span><a class=\"w-btn us-btn-style_5 usg_btn_1\" href=\"https:\/\/grafenprofessional.eu\/de\/produkty\/graflock-3272-4\/\"><span class=\"w-btn-label\">Zobacz produkt<\/span><\/a><\/div>\t\t<\/div>\r\n\t\t\t<\/article>\r\n\t<article class=\"w-grid-item post-784 us_portfolio type-us_portfolio status-publish has-post-thumbnail hentry us_portfolio_category-chemia-motoryzacyjna-de us_portfolio_category-kleje-i-uszczelniacze-de\" data-id=\"784\">\r\n\t\t<div class=\"w-grid-item-h\">\r\n\t\t\t\t\t\t\t<a href=\"https:\/\/grafenprofessional.eu\/de\/produkty\/graflock-3270-3\/\" class=\"w-grid-item-anchor\" aria-label=\"Graflock 3270\"><\/a>\r\n\t\t\t\t\t\t<div class=\"w-vwrapper usg_vwrapper_1 align_center valign_middle\"><div class=\"w-post-elm post_image usg_post_image_1 stretched\"><a href=\"https:\/\/grafenprofessional.eu\/de\/produkty\/graflock-3270-3\/\" aria-label=\"Graflock 3270\"><img loading=\"lazy\" decoding=\"async\" width=\"249\" height=\"400\" src=\"https:\/\/grafenprofessional.eu\/wp-content\/uploads\/2018\/06\/GRAFLOCK-3270.jpg\" class=\"attachment-full size-full wp-post-image\" alt=\"Graflock 3270\" srcset=\"https:\/\/grafenprofessional.eu\/wp-content\/uploads\/2018\/06\/GRAFLOCK-3270.jpg 249w, https:\/\/grafenprofessional.eu\/wp-content\/uploads\/2018\/06\/GRAFLOCK-3270-187x300.jpg 187w\" sizes=\"auto, (max-width: 249px) 100vw, 249px\" \/><\/a><\/div><span class=\"w-post-elm post_title usg_post_title_1 entry-title color_link_inherit\"><a href=\"https:\/\/grafenprofessional.eu\/de\/produkty\/graflock-3270-3\/\">Graflock 3270<\/a><\/span><a class=\"w-btn us-btn-style_5 usg_btn_1\" href=\"https:\/\/grafenprofessional.eu\/de\/produkty\/graflock-3270-3\/\"><span class=\"w-btn-label\">Zobacz produkt<\/span><\/a><\/div>\t\t<\/div>\r\n\t\t\t<\/article>\r\n\t<article class=\"w-grid-item post-790 us_portfolio type-us_portfolio status-publish has-post-thumbnail hentry us_portfolio_category-chemia-motoryzacyjna-de us_portfolio_category-chemia-warsztatowa-de\" data-id=\"790\">\r\n\t\t<div class=\"w-grid-item-h\">\r\n\t\t\t\t\t\t\t<a href=\"https:\/\/grafenprofessional.eu\/de\/produkty\/weiss-lithium-fett-500-ml\/\" class=\"w-grid-item-anchor\" aria-label=\"Wei\u00df lithium fett 500 ml\"><\/a>\r\n\t\t\t\t\t\t<div class=\"w-vwrapper usg_vwrapper_1 align_center valign_middle\"><div class=\"w-post-elm post_image usg_post_image_1 stretched\"><a href=\"https:\/\/grafenprofessional.eu\/de\/produkty\/weiss-lithium-fett-500-ml\/\" aria-label=\"Wei\u00df lithium fett 500 ml\"><img loading=\"lazy\" decoding=\"async\" width=\"249\" height=\"400\" src=\"https:\/\/grafenprofessional.eu\/wp-content\/uploads\/2018\/06\/GP-WHITE-LITHIUM-GREASE-500-ml.jpg\" class=\"attachment-full size-full wp-post-image\" alt=\"Bia\u0142y smar litowy 500 ml\" srcset=\"https:\/\/grafenprofessional.eu\/wp-content\/uploads\/2018\/06\/GP-WHITE-LITHIUM-GREASE-500-ml.jpg 249w, https:\/\/grafenprofessional.eu\/wp-content\/uploads\/2018\/06\/GP-WHITE-LITHIUM-GREASE-500-ml-187x300.jpg 187w\" sizes=\"auto, (max-width: 249px) 100vw, 249px\" \/><\/a><\/div><span class=\"w-post-elm post_title usg_post_title_1 entry-title color_link_inherit\"><a href=\"https:\/\/grafenprofessional.eu\/de\/produkty\/weiss-lithium-fett-500-ml\/\">Wei\u00df lithium fett 500 ml<\/a><\/span><a class=\"w-btn us-btn-style_5 usg_btn_1\" href=\"https:\/\/grafenprofessional.eu\/de\/produkty\/weiss-lithium-fett-500-ml\/\"><span class=\"w-btn-label\">Zobacz produkt<\/span><\/a><\/div>\t\t<\/div>\r\n\t\t\t<\/article>\r\n\t<article class=\"w-grid-item post-799 us_portfolio type-us_portfolio status-publish has-post-thumbnail hentry us_portfolio_category-chemia-motoryzacyjna-de us_portfolio_category-chemia-warsztatowa-de\" data-id=\"799\">\r\n\t\t<div class=\"w-grid-item-h\">\r\n\t\t\t\t\t\t\t<a href=\"https:\/\/grafenprofessional.eu\/de\/produkty\/schweissschutzspray-400-ml\/\" class=\"w-grid-item-anchor\" aria-label=\"Schweissschutzspray 400 ml\"><\/a>\r\n\t\t\t\t\t\t<div class=\"w-vwrapper usg_vwrapper_1 align_center valign_middle\"><div class=\"w-post-elm post_image usg_post_image_1 stretched\"><a href=\"https:\/\/grafenprofessional.eu\/de\/produkty\/schweissschutzspray-400-ml\/\" aria-label=\"Schweissschutzspray 400 ml\"><img loading=\"lazy\" decoding=\"async\" width=\"2000\" height=\"3000\" src=\"https:\/\/grafenprofessional.eu\/wp-content\/uploads\/2024\/06\/SPRAY-do-spawania-400-ml.png\" class=\"attachment-full size-full wp-post-image\" alt=\"\" srcset=\"https:\/\/grafenprofessional.eu\/wp-content\/uploads\/2024\/06\/SPRAY-do-spawania-400-ml.png 2000w, https:\/\/grafenprofessional.eu\/wp-content\/uploads\/2024\/06\/SPRAY-do-spawania-400-ml-200x300.png 200w, https:\/\/grafenprofessional.eu\/wp-content\/uploads\/2024\/06\/SPRAY-do-spawania-400-ml-683x1024.png 683w, https:\/\/grafenprofessional.eu\/wp-content\/uploads\/2024\/06\/SPRAY-do-spawania-400-ml-768x1152.png 768w\" sizes=\"auto, (max-width: 2000px) 100vw, 2000px\" \/><\/a><\/div><span class=\"w-post-elm post_title usg_post_title_1 entry-title color_link_inherit\"><a href=\"https:\/\/grafenprofessional.eu\/de\/produkty\/schweissschutzspray-400-ml\/\">Schweissschutzspray 400 ml<\/a><\/span><a class=\"w-btn us-btn-style_5 usg_btn_1\" href=\"https:\/\/grafenprofessional.eu\/de\/produkty\/schweissschutzspray-400-ml\/\"><span class=\"w-btn-label\">Zobacz produkt<\/span><\/a><\/div>\t\t<\/div>\r\n\t\t\t<\/article>\r\n\t<article class=\"w-grid-item post-808 us_portfolio type-us_portfolio status-publish has-post-thumbnail hentry us_portfolio_category-chemia-motoryzacyjna-de us_portfolio_category-chemia-warsztatowa-de us_portfolio_category-stronaglowna-de\" data-id=\"808\">\r\n\t\t<div class=\"w-grid-item-h\">\r\n\t\t\t\t\t\t\t<a href=\"https:\/\/grafenprofessional.eu\/de\/produkty\/universalspray-400-ml\/\" class=\"w-grid-item-anchor\" aria-label=\"Universalspray 400 ml\"><\/a>\r\n\t\t\t\t\t\t<div class=\"w-vwrapper usg_vwrapper_1 align_center valign_middle\"><div class=\"w-post-elm post_image usg_post_image_1 stretched\"><a href=\"https:\/\/grafenprofessional.eu\/de\/produkty\/universalspray-400-ml\/\" aria-label=\"Universalspray 400 ml\"><img loading=\"lazy\" decoding=\"async\" width=\"249\" height=\"400\" src=\"https:\/\/grafenprofessional.eu\/wp-content\/uploads\/2018\/06\/GP-UNIVERSALSPRAY-400-ml.jpg\" class=\"attachment-full size-full wp-post-image\" alt=\"Multi-penetrant 400 ml\" srcset=\"https:\/\/grafenprofessional.eu\/wp-content\/uploads\/2018\/06\/GP-UNIVERSALSPRAY-400-ml.jpg 249w, https:\/\/grafenprofessional.eu\/wp-content\/uploads\/2018\/06\/GP-UNIVERSALSPRAY-400-ml-187x300.jpg 187w\" sizes=\"auto, (max-width: 249px) 100vw, 249px\" \/><\/a><\/div><span class=\"w-post-elm post_title usg_post_title_1 entry-title color_link_inherit\"><a href=\"https:\/\/grafenprofessional.eu\/de\/produkty\/universalspray-400-ml\/\">Universalspray 400 ml<\/a><\/span><a class=\"w-btn us-btn-style_5 usg_btn_1\" href=\"https:\/\/grafenprofessional.eu\/de\/produkty\/universalspray-400-ml\/\"><span class=\"w-btn-label\">Zobacz produkt<\/span><\/a><\/div>\t\t<\/div>\r\n\t\t\t<\/article>\r\n\t<article class=\"w-grid-item post-817 us_portfolio type-us_portfolio status-publish has-post-thumbnail hentry us_portfolio_category-chemia-kosmetyczna-de us_portfolio_category-chemia-motoryzacyjna-de\" data-id=\"817\">\r\n\t\t<div class=\"w-grid-item-h\">\r\n\t\t\t\t\t\t\t<a href=\"https:\/\/grafenprofessional.eu\/de\/produkty\/reifenspray-500-ml\/\" class=\"w-grid-item-anchor\" aria-label=\"Reifenspray 500 ml\"><\/a>\r\n\t\t\t\t\t\t<div class=\"w-vwrapper usg_vwrapper_1 align_center valign_middle\"><div class=\"w-post-elm post_image usg_post_image_1 stretched\"><a href=\"https:\/\/grafenprofessional.eu\/de\/produkty\/reifenspray-500-ml\/\" aria-label=\"Reifenspray 500 ml\"><img loading=\"lazy\" decoding=\"async\" width=\"250\" height=\"400\" src=\"https:\/\/grafenprofessional.eu\/wp-content\/uploads\/2018\/06\/GP-TYRE-CLEANER-SPRAY-500-ml.jpg\" class=\"attachment-full size-full wp-post-image\" alt=\"\u015arodek do opon 500 ml\" srcset=\"https:\/\/grafenprofessional.eu\/wp-content\/uploads\/2018\/06\/GP-TYRE-CLEANER-SPRAY-500-ml.jpg 250w, https:\/\/grafenprofessional.eu\/wp-content\/uploads\/2018\/06\/GP-TYRE-CLEANER-SPRAY-500-ml-188x300.jpg 188w\" sizes=\"auto, (max-width: 250px) 100vw, 250px\" \/><\/a><\/div><span class=\"w-post-elm post_title usg_post_title_1 entry-title color_link_inherit\"><a href=\"https:\/\/grafenprofessional.eu\/de\/produkty\/reifenspray-500-ml\/\">Reifenspray 500 ml<\/a><\/span><a class=\"w-btn us-btn-style_5 usg_btn_1\" href=\"https:\/\/grafenprofessional.eu\/de\/produkty\/reifenspray-500-ml\/\"><span class=\"w-btn-label\">Zobacz produkt<\/span><\/a><\/div>\t\t<\/div>\r\n\t\t\t<\/article>\r\n\t<article class=\"w-grid-item post-826 us_portfolio type-us_portfolio status-publish has-post-thumbnail hentry us_portfolio_category-chemia-motoryzacyjna-de us_portfolio_category-chemia-warsztatowa-de\" data-id=\"826\">\r\n\t\t<div class=\"w-grid-item-h\">\r\n\t\t\t\t\t\t\t<a href=\"https:\/\/grafenprofessional.eu\/de\/produkty\/teerentferner-500-ml\/\" class=\"w-grid-item-anchor\" aria-label=\"Teerentferner 500 ml\"><\/a>\r\n\t\t\t\t\t\t<div class=\"w-vwrapper usg_vwrapper_1 align_center valign_middle\"><div class=\"w-post-elm post_image usg_post_image_1 stretched\"><a href=\"https:\/\/grafenprofessional.eu\/de\/produkty\/teerentferner-500-ml\/\" aria-label=\"Teerentferner 500 ml\"><img loading=\"lazy\" decoding=\"async\" width=\"250\" height=\"400\" src=\"https:\/\/grafenprofessional.eu\/wp-content\/uploads\/2018\/06\/GP-TAR-AND-PITCH-CLEANER-500-ml.jpg\" class=\"attachment-full size-full wp-post-image\" alt=\"Zmywacz do smo\u0142y 500 ml\" srcset=\"https:\/\/grafenprofessional.eu\/wp-content\/uploads\/2018\/06\/GP-TAR-AND-PITCH-CLEANER-500-ml.jpg 250w, https:\/\/grafenprofessional.eu\/wp-content\/uploads\/2018\/06\/GP-TAR-AND-PITCH-CLEANER-500-ml-188x300.jpg 188w\" sizes=\"auto, (max-width: 250px) 100vw, 250px\" \/><\/a><\/div><span class=\"w-post-elm post_title usg_post_title_1 entry-title color_link_inherit\"><a href=\"https:\/\/grafenprofessional.eu\/de\/produkty\/teerentferner-500-ml\/\">Teerentferner 500 ml<\/a><\/span><a class=\"w-btn us-btn-style_5 usg_btn_1\" href=\"https:\/\/grafenprofessional.eu\/de\/produkty\/teerentferner-500-ml\/\"><span class=\"w-btn-label\">Zobacz produkt<\/span><\/a><\/div>\t\t<\/div>\r\n\t\t\t<\/article>\r\n\t<article class=\"w-grid-item post-837 us_portfolio type-us_portfolio status-publish has-post-thumbnail hentry us_portfolio_category-chemia-motoryzacyjna-de us_portfolio_category-chemia-warsztatowa-de\" data-id=\"837\">\r\n\t\t<div class=\"w-grid-item-h\">\r\n\t\t\t\t\t\t\t<a href=\"https:\/\/grafenprofessional.eu\/de\/produkty\/silikonspray-500-ml\/\" class=\"w-grid-item-anchor\" aria-label=\"Silikonspray 500 ml\"><\/a>\r\n\t\t\t\t\t\t<div class=\"w-vwrapper usg_vwrapper_1 align_center valign_middle\"><div class=\"w-post-elm post_image usg_post_image_1 stretched\"><a href=\"https:\/\/grafenprofessional.eu\/de\/produkty\/silikonspray-500-ml\/\" aria-label=\"Silikonspray 500 ml\"><img loading=\"lazy\" decoding=\"async\" width=\"250\" height=\"400\" src=\"https:\/\/grafenprofessional.eu\/wp-content\/uploads\/2018\/06\/GP-SILICONE-SPRAY-500-ml.jpg\" class=\"attachment-full size-full wp-post-image\" alt=\"Silikon w sprayu 500 ml\" srcset=\"https:\/\/grafenprofessional.eu\/wp-content\/uploads\/2018\/06\/GP-SILICONE-SPRAY-500-ml.jpg 250w, https:\/\/grafenprofessional.eu\/wp-content\/uploads\/2018\/06\/GP-SILICONE-SPRAY-500-ml-188x300.jpg 188w\" sizes=\"auto, (max-width: 250px) 100vw, 250px\" \/><\/a><\/div><span class=\"w-post-elm post_title usg_post_title_1 entry-title color_link_inherit\"><a href=\"https:\/\/grafenprofessional.eu\/de\/produkty\/silikonspray-500-ml\/\">Silikonspray 500 ml<\/a><\/span><a class=\"w-btn us-btn-style_5 usg_btn_1\" href=\"https:\/\/grafenprofessional.eu\/de\/produkty\/silikonspray-500-ml\/\"><span class=\"w-btn-label\">Zobacz produkt<\/span><\/a><\/div>\t\t<\/div>\r\n\t\t\t<\/article>\r\n\t<article class=\"w-grid-item post-848 us_portfolio type-us_portfolio status-publish has-post-thumbnail hentry us_portfolio_category-chemia-kosmetyczna-de us_portfolio_category-chemia-motoryzacyjna-de\" data-id=\"848\">\r\n\t\t<div class=\"w-grid-item-h\">\r\n\t\t\t\t\t\t\t<a href=\"https:\/\/grafenprofessional.eu\/de\/produkty\/polster-reiniger-500-ml\/\" class=\"w-grid-item-anchor\" aria-label=\"Polster reiniger 500 ml\"><\/a>\r\n\t\t\t\t\t\t<div class=\"w-vwrapper usg_vwrapper_1 align_center valign_middle\"><div class=\"w-post-elm post_image usg_post_image_1 stretched\"><a href=\"https:\/\/grafenprofessional.eu\/de\/produkty\/polster-reiniger-500-ml\/\" aria-label=\"Polster reiniger 500 ml\"><img loading=\"lazy\" decoding=\"async\" width=\"249\" height=\"400\" src=\"https:\/\/grafenprofessional.eu\/wp-content\/uploads\/2018\/06\/GP-SEAT-CLEANER-SPRAY-500-ml.jpg\" class=\"attachment-full size-full wp-post-image\" alt=\"\u015arodek do czyszczenia tapicerki 500 ml\" srcset=\"https:\/\/grafenprofessional.eu\/wp-content\/uploads\/2018\/06\/GP-SEAT-CLEANER-SPRAY-500-ml.jpg 249w, https:\/\/grafenprofessional.eu\/wp-content\/uploads\/2018\/06\/GP-SEAT-CLEANER-SPRAY-500-ml-187x300.jpg 187w\" sizes=\"auto, (max-width: 249px) 100vw, 249px\" \/><\/a><\/div><span class=\"w-post-elm post_title usg_post_title_1 entry-title color_link_inherit\"><a href=\"https:\/\/grafenprofessional.eu\/de\/produkty\/polster-reiniger-500-ml\/\">Polster reiniger 500 ml<\/a><\/span><a class=\"w-btn us-btn-style_5 usg_btn_1\" href=\"https:\/\/grafenprofessional.eu\/de\/produkty\/polster-reiniger-500-ml\/\"><span class=\"w-btn-label\">Zobacz produkt<\/span><\/a><\/div>\t\t<\/div>\r\n\t\t\t<\/article>\r\n\t<article class=\"w-grid-item post-857 us_portfolio type-us_portfolio status-publish has-post-thumbnail hentry us_portfolio_category-chemia-motoryzacyjna-de us_portfolio_category-chemia-warsztatowa-de us_portfolio_category-stronaglowna-de\" data-id=\"857\">\r\n\t\t<div class=\"w-grid-item-h\">\r\n\t\t\t\t\t\t\t<a href=\"https:\/\/grafenprofessional.eu\/de\/produkty\/rostloeser-500-ml\/\" class=\"w-grid-item-anchor\" aria-label=\"Rostl\u00f6ser 500 ml\"><\/a>\r\n\t\t\t\t\t\t<div class=\"w-vwrapper usg_vwrapper_1 align_center valign_middle\"><div class=\"w-post-elm post_image usg_post_image_1 stretched\"><a href=\"https:\/\/grafenprofessional.eu\/de\/produkty\/rostloeser-500-ml\/\" aria-label=\"Rostl\u00f6ser 500 ml\"><img loading=\"lazy\" decoding=\"async\" width=\"250\" height=\"400\" src=\"https:\/\/grafenprofessional.eu\/wp-content\/uploads\/2018\/06\/GP-RUST-REMOVER-500-ml.jpg\" class=\"attachment-full size-full wp-post-image\" alt=\"Odrdzewiacz 500 ml\" srcset=\"https:\/\/grafenprofessional.eu\/wp-content\/uploads\/2018\/06\/GP-RUST-REMOVER-500-ml.jpg 250w, https:\/\/grafenprofessional.eu\/wp-content\/uploads\/2018\/06\/GP-RUST-REMOVER-500-ml-188x300.jpg 188w\" sizes=\"auto, (max-width: 250px) 100vw, 250px\" \/><\/a><\/div><span class=\"w-post-elm post_title usg_post_title_1 entry-title color_link_inherit\"><a href=\"https:\/\/grafenprofessional.eu\/de\/produkty\/rostloeser-500-ml\/\">Rostl\u00f6ser 500 ml<\/a><\/span><a class=\"w-btn us-btn-style_5 usg_btn_1\" href=\"https:\/\/grafenprofessional.eu\/de\/produkty\/rostloeser-500-ml\/\"><span class=\"w-btn-label\">Zobacz produkt<\/span><\/a><\/div>\t\t<\/div>\r\n\t\t\t<\/article>\r\n\t<article class=\"w-grid-item post-869 us_portfolio type-us_portfolio status-publish has-post-thumbnail hentry us_portfolio_category-chemia-motoryzacyjna-de us_portfolio_category-chemia-warsztatowa-de\" data-id=\"869\">\r\n\t\t<div class=\"w-grid-item-h\">\r\n\t\t\t\t\t\t\t<a href=\"https:\/\/grafenprofessional.eu\/de\/produkty\/spruehfett-500-ml\/\" class=\"w-grid-item-anchor\" aria-label=\"Spr\u00fchfett 500 ml\"><\/a>\r\n\t\t\t\t\t\t<div class=\"w-vwrapper usg_vwrapper_1 align_center valign_middle\"><div class=\"w-post-elm post_image usg_post_image_1 stretched\"><a href=\"https:\/\/grafenprofessional.eu\/de\/produkty\/spruehfett-500-ml\/\" aria-label=\"Spr\u00fchfett 500 ml\"><img loading=\"lazy\" decoding=\"async\" width=\"250\" height=\"400\" src=\"https:\/\/grafenprofessional.eu\/wp-content\/uploads\/2018\/06\/GP-LIQUID-GREASE-SPRAY-500-ml.jpg\" class=\"attachment-full size-full wp-post-image\" alt=\"P\u0142ynny smar 500 ml\" srcset=\"https:\/\/grafenprofessional.eu\/wp-content\/uploads\/2018\/06\/GP-LIQUID-GREASE-SPRAY-500-ml.jpg 250w, https:\/\/grafenprofessional.eu\/wp-content\/uploads\/2018\/06\/GP-LIQUID-GREASE-SPRAY-500-ml-188x300.jpg 188w\" sizes=\"auto, (max-width: 250px) 100vw, 250px\" \/><\/a><\/div><span class=\"w-post-elm post_title usg_post_title_1 entry-title color_link_inherit\"><a href=\"https:\/\/grafenprofessional.eu\/de\/produkty\/spruehfett-500-ml\/\">Spr\u00fchfett 500 ml<\/a><\/span><a class=\"w-btn us-btn-style_5 usg_btn_1\" href=\"https:\/\/grafenprofessional.eu\/de\/produkty\/spruehfett-500-ml\/\"><span class=\"w-btn-label\">Zobacz produkt<\/span><\/a><\/div>\t\t<\/div>\r\n\t\t\t<\/article>\r\n\t<article class=\"w-grid-item post-878 us_portfolio type-us_portfolio status-publish has-post-thumbnail hentry us_portfolio_category-chemia-motoryzacyjna-de us_portfolio_category-chemia-warsztatowa-de\" data-id=\"878\">\r\n\t\t<div class=\"w-grid-item-h\">\r\n\t\t\t\t\t\t\t<a href=\"https:\/\/grafenprofessional.eu\/de\/produkty\/motorreiniger-500-ml\/\" class=\"w-grid-item-anchor\" aria-label=\"Motorreiniger 500 ml\"><\/a>\r\n\t\t\t\t\t\t<div class=\"w-vwrapper usg_vwrapper_1 align_center valign_middle\"><div class=\"w-post-elm post_image usg_post_image_1 stretched\"><a href=\"https:\/\/grafenprofessional.eu\/de\/produkty\/motorreiniger-500-ml\/\" aria-label=\"Motorreiniger 500 ml\"><img loading=\"lazy\" decoding=\"async\" width=\"250\" height=\"400\" src=\"https:\/\/grafenprofessional.eu\/wp-content\/uploads\/2018\/06\/GP-ENGINE-CLEANER-500-ml.jpg\" class=\"attachment-full size-full wp-post-image\" alt=\"Zmywacz do silnika 500 ml\" srcset=\"https:\/\/grafenprofessional.eu\/wp-content\/uploads\/2018\/06\/GP-ENGINE-CLEANER-500-ml.jpg 250w, https:\/\/grafenprofessional.eu\/wp-content\/uploads\/2018\/06\/GP-ENGINE-CLEANER-500-ml-188x300.jpg 188w\" sizes=\"auto, (max-width: 250px) 100vw, 250px\" \/><\/a><\/div><span class=\"w-post-elm post_title usg_post_title_1 entry-title color_link_inherit\"><a href=\"https:\/\/grafenprofessional.eu\/de\/produkty\/motorreiniger-500-ml\/\">Motorreiniger 500 ml<\/a><\/span><a class=\"w-btn us-btn-style_5 usg_btn_1\" href=\"https:\/\/grafenprofessional.eu\/de\/produkty\/motorreiniger-500-ml\/\"><span class=\"w-btn-label\">Zobacz produkt<\/span><\/a><\/div>\t\t<\/div>\r\n\t\t\t<\/article>\r\n\t<article class=\"w-grid-item post-774 us_portfolio type-us_portfolio status-publish has-post-thumbnail hentry us_portfolio_category-chemia-motoryzacyjna-de us_portfolio_category-chemia-warsztatowa-de\" data-id=\"774\">\r\n\t\t<div class=\"w-grid-item-h\">\r\n\t\t\t\t\t\t\t<a href=\"https:\/\/grafenprofessional.eu\/de\/produkty\/kupfer-schmiermittel-500-ml\/\" class=\"w-grid-item-anchor\" aria-label=\"Kupfer schmiermittel 500 ml\"><\/a>\r\n\t\t\t\t\t\t<div class=\"w-vwrapper usg_vwrapper_1 align_center valign_middle\"><div class=\"w-post-elm post_image usg_post_image_1 stretched\"><a href=\"https:\/\/grafenprofessional.eu\/de\/produkty\/kupfer-schmiermittel-500-ml\/\" aria-label=\"Kupfer schmiermittel 500 ml\"><img loading=\"lazy\" decoding=\"async\" width=\"250\" height=\"400\" src=\"https:\/\/grafenprofessional.eu\/wp-content\/uploads\/2018\/06\/GP-COPPER-GREASE-500-ml.jpg\" class=\"attachment-full size-full wp-post-image\" alt=\"Smar miedziowy 500 ml\" srcset=\"https:\/\/grafenprofessional.eu\/wp-content\/uploads\/2018\/06\/GP-COPPER-GREASE-500-ml.jpg 250w, https:\/\/grafenprofessional.eu\/wp-content\/uploads\/2018\/06\/GP-COPPER-GREASE-500-ml-188x300.jpg 188w\" sizes=\"auto, (max-width: 250px) 100vw, 250px\" \/><\/a><\/div><span class=\"w-post-elm post_title usg_post_title_1 entry-title color_link_inherit\"><a href=\"https:\/\/grafenprofessional.eu\/de\/produkty\/kupfer-schmiermittel-500-ml\/\">Kupfer schmiermittel 500 ml<\/a><\/span><a class=\"w-btn us-btn-style_5 usg_btn_1\" href=\"https:\/\/grafenprofessional.eu\/de\/produkty\/kupfer-schmiermittel-500-ml\/\"><span class=\"w-btn-label\">Zobacz produkt<\/span><\/a><\/div>\t\t<\/div>\r\n\t\t\t<\/article>\r\n\t<article class=\"w-grid-item post-760 us_portfolio type-us_portfolio status-publish has-post-thumbnail hentry us_portfolio_category-chemia-motoryzacyjna-de us_portfolio_category-chemia-warsztatowa-de\" data-id=\"760\">\r\n\t\t<div class=\"w-grid-item-h\">\r\n\t\t\t\t\t\t\t<a href=\"https:\/\/grafenprofessional.eu\/de\/produkty\/kontaktspray-500-ml\/\" class=\"w-grid-item-anchor\" aria-label=\"Kontaktspray 500 ml\"><\/a>\r\n\t\t\t\t\t\t<div class=\"w-vwrapper usg_vwrapper_1 align_center valign_middle\"><div class=\"w-post-elm post_image usg_post_image_1 stretched\"><a href=\"https:\/\/grafenprofessional.eu\/de\/produkty\/kontaktspray-500-ml\/\" aria-label=\"Kontaktspray 500 ml\"><img loading=\"lazy\" decoding=\"async\" width=\"250\" height=\"400\" src=\"https:\/\/grafenprofessional.eu\/wp-content\/uploads\/2018\/06\/GP-CONTACT-CLEANER-SPRAY-500-ml.jpg\" class=\"attachment-full size-full wp-post-image\" alt=\"Kontakt spray 500 ml\" srcset=\"https:\/\/grafenprofessional.eu\/wp-content\/uploads\/2018\/06\/GP-CONTACT-CLEANER-SPRAY-500-ml.jpg 250w, https:\/\/grafenprofessional.eu\/wp-content\/uploads\/2018\/06\/GP-CONTACT-CLEANER-SPRAY-500-ml-188x300.jpg 188w\" sizes=\"auto, (max-width: 250px) 100vw, 250px\" \/><\/a><\/div><span class=\"w-post-elm post_title usg_post_title_1 entry-title color_link_inherit\"><a href=\"https:\/\/grafenprofessional.eu\/de\/produkty\/kontaktspray-500-ml\/\">Kontaktspray 500 ml<\/a><\/span><a class=\"w-btn us-btn-style_5 usg_btn_1\" href=\"https:\/\/grafenprofessional.eu\/de\/produkty\/kontaktspray-500-ml\/\"><span class=\"w-btn-label\">Zobacz produkt<\/span><\/a><\/div>\t\t<\/div>\r\n\t\t\t<\/article>\r\n\t<article class=\"w-grid-item post-751 us_portfolio type-us_portfolio status-publish has-post-thumbnail hentry us_portfolio_category-chemia-kosmetyczna-de us_portfolio_category-chemia-motoryzacyjna-de\" data-id=\"751\">\r\n\t\t<div class=\"w-grid-item-h\">\r\n\t\t\t\t\t\t\t<a href=\"https:\/\/grafenprofessional.eu\/de\/produkty\/cockpitspray-matt-500-ml\/\" class=\"w-grid-item-anchor\" aria-label=\"Cockpitspray matt 500 ml\"><\/a>\r\n\t\t\t\t\t\t<div class=\"w-vwrapper usg_vwrapper_1 align_center valign_middle\"><div class=\"w-post-elm post_image usg_post_image_1 stretched\"><a href=\"https:\/\/grafenprofessional.eu\/de\/produkty\/cockpitspray-matt-500-ml\/\" aria-label=\"Cockpitspray matt 500 ml\"><img loading=\"lazy\" decoding=\"async\" width=\"249\" height=\"400\" src=\"https:\/\/grafenprofessional.eu\/wp-content\/uploads\/2018\/06\/GP-COCKPIT-SPRAY-MAT-500-ml.jpg\" class=\"attachment-full size-full wp-post-image\" alt=\"\u015arodek do kokpitu matowy 500ml\" srcset=\"https:\/\/grafenprofessional.eu\/wp-content\/uploads\/2018\/06\/GP-COCKPIT-SPRAY-MAT-500-ml.jpg 249w, https:\/\/grafenprofessional.eu\/wp-content\/uploads\/2018\/06\/GP-COCKPIT-SPRAY-MAT-500-ml-187x300.jpg 187w\" sizes=\"auto, (max-width: 249px) 100vw, 249px\" \/><\/a><\/div><span class=\"w-post-elm post_title usg_post_title_1 entry-title color_link_inherit\"><a href=\"https:\/\/grafenprofessional.eu\/de\/produkty\/cockpitspray-matt-500-ml\/\">Cockpitspray matt 500 ml<\/a><\/span><a class=\"w-btn us-btn-style_5 usg_btn_1\" href=\"https:\/\/grafenprofessional.eu\/de\/produkty\/cockpitspray-matt-500-ml\/\"><span class=\"w-btn-label\">Zobacz produkt<\/span><\/a><\/div>\t\t<\/div>\r\n\t\t\t<\/article>\r\n\t<article class=\"w-grid-item post-742 us_portfolio type-us_portfolio status-publish has-post-thumbnail hentry us_portfolio_category-chemia-kosmetyczna-de us_portfolio_category-chemia-motoryzacyjna-de\" data-id=\"742\">\r\n\t\t<div class=\"w-grid-item-h\">\r\n\t\t\t\t\t\t\t<a href=\"https:\/\/grafenprofessional.eu\/de\/produkty\/cockpitspray-200-ml\/\" class=\"w-grid-item-anchor\" aria-label=\"Cockpit-Politur 200 ml\"><\/a>\r\n\t\t\t\t\t\t<div class=\"w-vwrapper usg_vwrapper_1 align_center valign_middle\"><div class=\"w-post-elm post_image usg_post_image_1 stretched\"><a href=\"https:\/\/grafenprofessional.eu\/de\/produkty\/cockpitspray-200-ml\/\" aria-label=\"Cockpit-Politur 200 ml\"><img loading=\"lazy\" decoding=\"async\" width=\"249\" height=\"400\" src=\"https:\/\/grafenprofessional.eu\/wp-content\/uploads\/2018\/06\/GP-COCKPIT-SHINER-SPRAY-200-ml.jpg\" class=\"attachment-full size-full wp-post-image\" alt=\"\u015arodek do kokpitu 200 ml\" srcset=\"https:\/\/grafenprofessional.eu\/wp-content\/uploads\/2018\/06\/GP-COCKPIT-SHINER-SPRAY-200-ml.jpg 249w, https:\/\/grafenprofessional.eu\/wp-content\/uploads\/2018\/06\/GP-COCKPIT-SHINER-SPRAY-200-ml-187x300.jpg 187w\" sizes=\"auto, (max-width: 249px) 100vw, 249px\" \/><\/a><\/div><span class=\"w-post-elm post_title usg_post_title_1 entry-title color_link_inherit\"><a href=\"https:\/\/grafenprofessional.eu\/de\/produkty\/cockpitspray-200-ml\/\">Cockpit-Politur 200 ml<\/a><\/span><a class=\"w-btn us-btn-style_5 usg_btn_1\" href=\"https:\/\/grafenprofessional.eu\/de\/produkty\/cockpitspray-200-ml\/\"><span class=\"w-btn-label\">Zobacz produkt<\/span><\/a><\/div>\t\t<\/div>\r\n\t\t\t<\/article>\r\n\t<article class=\"w-grid-item post-733 us_portfolio type-us_portfolio status-publish has-post-thumbnail hentry us_portfolio_category-chemia-motoryzacyjna-de us_portfolio_category-chemia-warsztatowa-de\" data-id=\"733\">\r\n\t\t<div class=\"w-grid-item-h\">\r\n\t\t\t\t\t\t\t<a href=\"https:\/\/grafenprofessional.eu\/de\/produkty\/vergaserreiniger-500-ml\/\" class=\"w-grid-item-anchor\" aria-label=\"Vergaserreiniger 500 ml\"><\/a>\r\n\t\t\t\t\t\t<div class=\"w-vwrapper usg_vwrapper_1 align_center valign_middle\"><div class=\"w-post-elm post_image usg_post_image_1 stretched\"><a href=\"https:\/\/grafenprofessional.eu\/de\/produkty\/vergaserreiniger-500-ml\/\" aria-label=\"Vergaserreiniger 500 ml\"><img loading=\"lazy\" decoding=\"async\" width=\"250\" height=\"400\" src=\"https:\/\/grafenprofessional.eu\/wp-content\/uploads\/2018\/06\/GP-CARBURETOR-CLEANER-SPRAY-500-ml.jpg\" class=\"attachment-full size-full wp-post-image\" alt=\"Zmywacz do ga\u017anik\u00f3w 500&nbsp;ml\" srcset=\"https:\/\/grafenprofessional.eu\/wp-content\/uploads\/2018\/06\/GP-CARBURETOR-CLEANER-SPRAY-500-ml.jpg 250w, https:\/\/grafenprofessional.eu\/wp-content\/uploads\/2018\/06\/GP-CARBURETOR-CLEANER-SPRAY-500-ml-188x300.jpg 188w\" sizes=\"auto, (max-width: 250px) 100vw, 250px\" \/><\/a><\/div><span class=\"w-post-elm post_title usg_post_title_1 entry-title color_link_inherit\"><a href=\"https:\/\/grafenprofessional.eu\/de\/produkty\/vergaserreiniger-500-ml\/\">Vergaserreiniger 500 ml<\/a><\/span><a class=\"w-btn us-btn-style_5 usg_btn_1\" href=\"https:\/\/grafenprofessional.eu\/de\/produkty\/vergaserreiniger-500-ml\/\"><span class=\"w-btn-label\">Zobacz produkt<\/span><\/a><\/div>\t\t<\/div>\r\n\t\t\t<\/article>\r\n\t<article class=\"w-grid-item post-723 us_portfolio type-us_portfolio status-publish has-post-thumbnail hentry us_portfolio_category-chemia-motoryzacyjna-de us_portfolio_category-chemia-warsztatowa-de us_portfolio_category-stronaglowna-de\" data-id=\"723\">\r\n\t\t<div class=\"w-grid-item-h\">\r\n\t\t\t\t\t\t\t<a href=\"https:\/\/grafenprofessional.eu\/de\/produkty\/bremsenreiniger-grafen-professional\/\" class=\"w-grid-item-anchor\" aria-label=\"Bremsenreiniger 500 ml\"><\/a>\r\n\t\t\t\t\t\t<div class=\"w-vwrapper usg_vwrapper_1 align_center valign_middle\"><div class=\"w-post-elm post_image usg_post_image_1 stretched\"><a href=\"https:\/\/grafenprofessional.eu\/de\/produkty\/bremsenreiniger-grafen-professional\/\" aria-label=\"Bremsenreiniger 500 ml\"><img loading=\"lazy\" decoding=\"async\" width=\"250\" height=\"400\" src=\"https:\/\/grafenprofessional.eu\/wp-content\/uploads\/2018\/06\/GP-BRAKE-CLEANER-SPRAY-500-ml.jpg\" class=\"attachment-full size-full wp-post-image\" alt=\"Zmywacz do hamulc\u00f3w 500&nbsp;ml\" srcset=\"https:\/\/grafenprofessional.eu\/wp-content\/uploads\/2018\/06\/GP-BRAKE-CLEANER-SPRAY-500-ml.jpg 250w, https:\/\/grafenprofessional.eu\/wp-content\/uploads\/2018\/06\/GP-BRAKE-CLEANER-SPRAY-500-ml-188x300.jpg 188w\" sizes=\"auto, (max-width: 250px) 100vw, 250px\" \/><\/a><\/div><span class=\"w-post-elm post_title usg_post_title_1 entry-title color_link_inherit\"><a href=\"https:\/\/grafenprofessional.eu\/de\/produkty\/bremsenreiniger-grafen-professional\/\">Bremsenreiniger 500 ml<\/a><\/span><a class=\"w-btn us-btn-style_5 usg_btn_1\" href=\"https:\/\/grafenprofessional.eu\/de\/produkty\/bremsenreiniger-grafen-professional\/\"><span class=\"w-btn-label\">Zobacz produkt<\/span><\/a><\/div>\t\t<\/div>\r\n\t\t\t<\/article>\r\n\t<article class=\"w-grid-item post-713 us_portfolio type-us_portfolio status-publish has-post-thumbnail hentry us_portfolio_category-chemia-kosmetyczna-de us_portfolio_category-chemia-motoryzacyjna-de\" data-id=\"713\">\r\n\t\t<div class=\"w-grid-item-h\">\r\n\t\t\t\t\t\t\t<a href=\"https:\/\/grafenprofessional.eu\/de\/produkty\/klimaanlagenreiniger-150-ml\/\" class=\"w-grid-item-anchor\" aria-label=\"Klimaanlagenreiniger 150 ml\"><\/a>\r\n\t\t\t\t\t\t<div class=\"w-vwrapper usg_vwrapper_1 align_center valign_middle\"><div class=\"w-post-elm post_image usg_post_image_1 stretched\"><a href=\"https:\/\/grafenprofessional.eu\/de\/produkty\/klimaanlagenreiniger-150-ml\/\" aria-label=\"Klimaanlagenreiniger 150 ml\"><img loading=\"lazy\" decoding=\"async\" width=\"249\" height=\"400\" src=\"https:\/\/grafenprofessional.eu\/wp-content\/uploads\/2018\/06\/GP-AIR-CONDITIONING-CLEANER-SPRAY-150-ml.jpg\" class=\"attachment-full size-full wp-post-image\" alt=\"\u015arodek do czyszczenia klimatyzacji 150 ml\" srcset=\"https:\/\/grafenprofessional.eu\/wp-content\/uploads\/2018\/06\/GP-AIR-CONDITIONING-CLEANER-SPRAY-150-ml.jpg 249w, https:\/\/grafenprofessional.eu\/wp-content\/uploads\/2018\/06\/GP-AIR-CONDITIONING-CLEANER-SPRAY-150-ml-187x300.jpg 187w\" sizes=\"auto, (max-width: 249px) 100vw, 249px\" \/><\/a><\/div><span class=\"w-post-elm post_title usg_post_title_1 entry-title color_link_inherit\"><a href=\"https:\/\/grafenprofessional.eu\/de\/produkty\/klimaanlagenreiniger-150-ml\/\">Klimaanlagenreiniger 150 ml<\/a><\/span><a class=\"w-btn us-btn-style_5 usg_btn_1\" href=\"https:\/\/grafenprofessional.eu\/de\/produkty\/klimaanlagenreiniger-150-ml\/\"><span class=\"w-btn-label\">Zobacz produkt<\/span><\/a><\/div>\t\t<\/div>\r\n\t\t\t<\/article>\r\n<\/div>\t<div class=\"g-preloader type_1\">\r\n\t\t<div><\/div>\r\n\t<\/div>\r\n\t\t<div class=\"w-grid-json hidden\" onclick='return {&quot;action&quot;:&quot;us_ajax_grid&quot;,&quot;infinite_scroll&quot;:0,&quot;max_num_pages&quot;:1,&quot;pagination&quot;:&quot;none&quot;,&quot;template_vars&quot;:{&quot;columns&quot;:&quot;4&quot;,&quot;exclude_items&quot;:&quot;none&quot;,&quot;img_size&quot;:&quot;default&quot;,&quot;ignore_items_size&quot;:0,&quot;items_layout&quot;:&quot;1945&quot;,&quot;items_offset&quot;:&quot;1&quot;,&quot;load_animation&quot;:&quot;none&quot;,&quot;overriding_link&quot;:&quot;%7B%22type%22%3A%22post%22%7D&quot;,&quot;post_id&quot;:0,&quot;query_args&quot;:{&quot;post_type&quot;:[&quot;us_portfolio&quot;],&quot;post_status&quot;:[&quot;publish&quot;,&quot;acf-disabled&quot;],&quot;posts_per_page&quot;:999},&quot;orderby_query_args&quot;:{&quot;orderby&quot;:{&quot;date&quot;:&quot;DESC&quot;}},&quot;type&quot;:&quot;carousel&quot;,&quot;us_grid_post_type&quot;:&quot;us_portfolio&quot;,&quot;us_grid_ajax_index&quot;:2,&quot;us_grid_filter_query_string&quot;:null,&quot;us_grid_index&quot;:2,&quot;page_args&quot;:[]},&quot;carousel_settings&quot;:{&quot;autoHeight&quot;:0,&quot;autoplay&quot;:1,&quot;carousel_fade&quot;:0,&quot;center&quot;:0,&quot;dots&quot;:0,&quot;items&quot;:&quot;4&quot;,&quot;loop&quot;:false,&quot;nav&quot;:1,&quot;slideby&quot;:&quot;1&quot;,&quot;smooth_play&quot;:0,&quot;speed&quot;:250,&quot;timeout&quot;:3000,&quot;transition&quot;:&quot;&quot;,&quot;aria_labels&quot;:{&quot;prev&quot;:&quot;Zur\\u00fcck&quot;,&quot;next&quot;:&quot;Weiter&quot;}},&quot;carousel_breakpoints&quot;:{&quot;0&quot;:{&quot;autoHeight&quot;:0,&quot;autoplay&quot;:1,&quot;autoplayHoverPause&quot;:1,&quot;items&quot;:1,&quot;loop&quot;:true,&quot;stagePadding&quot;:0},&quot;601&quot;:{&quot;autoHeight&quot;:0,&quot;autoplay&quot;:1,&quot;autoplayHoverPause&quot;:1,&quot;items&quot;:2,&quot;loop&quot;:false,&quot;stagePadding&quot;:0},&quot;1025&quot;:{&quot;autoHeight&quot;:0,&quot;autoplay&quot;:1,&quot;autoplayHoverPause&quot;:1,&quot;items&quot;:3,&quot;loop&quot;:false,&quot;stagePadding&quot;:0},&quot;1281&quot;:{&quot;items&quot;:4,&quot;stagePadding&quot;:0}}}'><\/div>\r\n\t<\/div><\/div><\/div><\/div><\/div><\/div><\/section><section class=\"l-section wpb_row us_custom_d0a14009 height_huge\"><div class=\"l-section-h i-cf\"><div class=\"g-cols vc_row via_flex valign_middle type_default stacking_default\"><div class=\"vc_col-sm-6 wpb_column vc_column_container us_animate_afl\" style=\"animation-delay:0.2s\"><div class=\"vc_column-inner\"><div class=\"wpb_wrapper\"><div class=\"wpb_text_column\"><div class=\"wpb_wrapper\"><p style=\"text-align: center;\"><strong>Madejski Sp\u00f3\u0142ka Komandytowa \u2013 Hersteller von Werkstatt- und Bauchemikalien aus Krakau<\/strong><\/p>\n<p style=\"text-align: center;\">Madejski Sp\u00f3\u0142ka Komandytowa ist ein polnisches Unternehmen mit Sitz in Krakau, das sich auf die Herstellung von hochqualitativen Werkstatt- und Bauchemikalien spezialisiert hat. Unsere Flaggschiff-Marke <strong>Grafen Professional<\/strong> bietet eine breite Palette von Produkten, die sowohl den Anspr\u00fcchen von Fachleuten als auch von Heimwerkern gerecht werden.<\/p>\n<p style=\"text-align: center;\">Unser Produktangebot umfasst:<\/p>\n<ul style=\"text-align: center;\">\n<li><strong>Acryle<\/strong> \u2013 unverzichtbar f\u00fcr Bau- und Renovierungsarbeiten,<\/li>\n<li><strong>Silikone<\/strong> \u2013 ideal f\u00fcr Abdichtungen und F\u00fcllungen,<\/li>\n<li><strong>Polyurethansch\u00e4ume<\/strong> \u2013 sorgen f\u00fcr hervorragende W\u00e4rmed\u00e4mmung,<\/li>\n<li><strong>Styroporkleber<\/strong> \u2013 ideal zur Montage von W\u00e4rmed\u00e4mmungen,<\/li>\n<li><strong>Dichtstoffe<\/strong> \u2013 mit breitem Anwendungsspektrum,<\/li>\n<li><strong>Bremsenreiniger<\/strong> \u2013 entfernt effektiv Schmutz und Fett,<\/li>\n<li><strong>Rostentferner<\/strong> \u2013 beseitigt schnell und effizient Rost von Metalloberfl\u00e4chen.<\/li>\n<\/ul>\n<p style=\"text-align: center;\">Als Chemiehersteller bieten wir auch die M\u00f6glichkeit, Produkte unter der eigenen Marke des Kunden zu produzieren. Mit unserem <strong>Private-Label<\/strong>-Service k\u00f6nnen Sie unsere Produkte mit individuell gestalteten Verpackungen und Markenlogos bestellen, die auf die Bed\u00fcrfnisse Ihres Unternehmens zugeschnitten sind.<\/p>\n<p style=\"text-align: center;\">Unsere Werkstatt- und Bauchemikalien zeichnen sich durch ihre hohe Qualit\u00e4t, einfache Anwendung und Langlebigkeit aus, was sie bei Fachleuten aus der Bau- und Automobilbranche sehr beliebt macht. Dank unserer Lage im Zentrum Europas gew\u00e4hrleisten wir schnellen Zugang zu unseren Produkten weltweit.<\/p>\n<p style=\"text-align: center;\">Wenn Sie auf der Suche nach einem <strong>Hersteller von Bauchemikalien<\/strong> oder <strong>Werkstattchemikalien<\/strong> mit bew\u00e4hrtem Ruf sind, kontaktieren Sie Madejski Sp\u00f3\u0142ka Komandytowa. W\u00e4hlen Sie <strong>Grafen Professional<\/strong> oder erstellen Sie Ihre eigene Marke mit unserer Unterst\u00fctzung!<\/p>\n<\/div><\/div><div class=\"w-btn-wrapper align_none\"><a class=\"w-btn us-btn-style_3 us_custom_80a192e9\" href=\"http:\/\/grafenprofessional.eu\/#kontakt\"><span class=\"w-btn-label\">Kontaktiere uns<\/span><\/a><\/div><\/div><\/div><\/div><div class=\"vc_col-sm-6 wpb_column vc_column_container pd-l-mp us_animate_afr\" style=\"animation-delay:0.2s\"><div class=\"vc_column-inner\"><div class=\"wpb_wrapper\"><div class=\"g-cols wpb_row border-btm pt-0-mp via_flex valign_top type_boxes stacking_default\"><div class=\"vc_col-sm-6 wpb_column vc_column_container border-rgt\"><div class=\"vc_column-inner\"><div class=\"wpb_wrapper\"><div class=\"w-image align_center\"><div class=\"w-image-h\"><img decoding=\"async\" width=\"80\" height=\"80\" src=\"https:\/\/grafenprofessional.eu\/wp-content\/uploads\/2018\/06\/ikona-01.png\" class=\"attachment-full size-full\" alt=\"\" loading=\"lazy\" \/><\/div><\/div><div class=\"wpb_text_column text-center\"><div class=\"wpb_wrapper\"><p>die h\u00f6chsten <strong>Standards<\/strong><\/p>\n<\/div><\/div><\/div><\/div><\/div><div class=\"vc_col-sm-6 wpb_column vc_column_container\"><div class=\"vc_column-inner\"><div class=\"wpb_wrapper\"><div class=\"w-image align_center\"><div class=\"w-image-h\"><img decoding=\"async\" width=\"80\" height=\"80\" src=\"https:\/\/grafenprofessional.eu\/wp-content\/uploads\/2018\/06\/ikona-02.png\" class=\"attachment-full size-full\" alt=\"\" loading=\"lazy\" \/><\/div><\/div><div class=\"wpb_text_column text-center\"><div class=\"wpb_wrapper\"><p><strong>eine gro\u00dfe<\/strong> Auswahl<\/p>\n<\/div><\/div><\/div><\/div><\/div><\/div><div class=\"g-cols wpb_row pb-0-mp via_flex valign_top type_boxes stacking_default\"><div class=\"vc_col-sm-6 wpb_column vc_column_container border-rgt\"><div class=\"vc_column-inner\"><div class=\"wpb_wrapper\"><div class=\"w-image align_center\"><div class=\"w-image-h\"><img decoding=\"async\" width=\"80\" height=\"80\" src=\"https:\/\/grafenprofessional.eu\/wp-content\/uploads\/2018\/06\/ikona-03.png\" class=\"attachment-full size-full\" alt=\"\" loading=\"lazy\" \/><\/div><\/div><div class=\"wpb_text_column text-center\"><div class=\"wpb_wrapper\"><p><strong>Weltklasse<\/strong><\/p>\n<\/div><\/div><\/div><\/div><\/div><div class=\"vc_col-sm-6 wpb_column vc_column_container\"><div class=\"vc_column-inner\"><div class=\"wpb_wrapper\"><div class=\"w-image align_center\"><div class=\"w-image-h\"><img decoding=\"async\" width=\"80\" height=\"80\" src=\"https:\/\/grafenprofessional.eu\/wp-content\/uploads\/2018\/06\/ikona-04.png\" class=\"attachment-full size-full\" alt=\"\" loading=\"lazy\" \/><\/div><\/div><div class=\"wpb_text_column text-center\"><div class=\"wpb_wrapper\"><p>erste <strong>Qualit\u00e4t<\/strong><\/p>\n<\/div><\/div><\/div><\/div><\/div><\/div><\/div><\/div><\/div><\/div><\/div><\/section><section class=\"l-section wpb_row certyfikat height_large color_primary with_img\"><div class=\"l-section-img\" role=\"img\" data-img-width=\"196\" data-img-height=\"200\" style=\"background-image: url(https:\/\/grafenprofessional.eu\/wp-content\/uploads\/2018\/06\/ikonki-01.png);background-position: top left;background-repeat: no-repeat;background-size: auto;\"><\/div><div class=\"l-section-h i-cf\"><div class=\"g-cols vc_row via_flex valign_top type_default stacking_default\"><div class=\"vc_col-sm-12 wpb_column vc_column_container\"><div class=\"vc_column-inner\"><div class=\"wpb_wrapper\"><div class=\"wpb_text_column cert-gf\"><div class=\"wpb_wrapper\"><p>Grafen Professional erweitert st\u00e4ndig sein Sortiment und garantiert <strong>die h\u00f6chsten Standards.<\/strong><\/p>\n<\/div><\/div><div class=\"w-separator size_small\"><\/div><div class=\"w-btn-wrapper align_center\"><a class=\"w-btn us-btn-style_4 us_custom_80a192e9\" target=\" _blank\" rel=\"nofollow\" href=\"http:\/\/grafenprofessional.eu\/wp-content\/uploads\/2018\/06\/rev.1-200756-2016-AQ-POL-RvA-German_1-4J1TPPZ_CC.pdf\"><span class=\"w-btn-label\">Siehe ISO-Zertifikat<\/span><\/a><\/div><\/div><\/div><\/div><\/div><\/div><\/section><!-- Row Backgrounds --><div class=\"upb_bg_img\" data-ultimate-bg=\"url(https:\/\/grafenprofessional.eu\/wp-content\/uploads\/2018\/06\/ikonki-02.png)\" data-image-id=\"id^35|url^http:\/\/grafenprofessional.eu\/wp-content\/uploads\/2018\/06\/ikonki-02.png|caption^null|alt^null|title^ikonki 02|description^null\" data-ultimate-bg-style=\"vcpb-default\" data-bg-img-repeat=\"no-repeat\" data-bg-img-size=\"initial\" data-bg-img-position=\"90% 100%\" data-parallx_sense=\"30\" data-bg-override=\"0\" data-bg_img_attach=\"scroll\" data-upb-overlay-color=\"\" data-upb-bg-animation=\"\" data-fadeout=\"\" data-bg-animation=\"left-animation\" data-bg-animation-type=\"h\" data-animation-repeat=\"repeat\" data-fadeout-percentage=\"30\" data-parallax-content=\"\" data-parallax-content-sense=\"30\" data-row-effect-mobile-disable=\"true\" data-img-parallax-mobile-disable=\"true\" data-rtl=\"false\"  data-custom-vc-row=\"\"  data-vc=\"7.8\"  data-is_old_vc=\"\"  data-theme-support=\"\"   data-overlay=\"false\" data-overlay-color=\"\" data-overlay-pattern=\"\" data-overlay-pattern-opacity=\"\" data-overlay-pattern-size=\"\"    ><\/div><section class=\"l-section wpb_row height_huge\"><div class=\"l-section-h i-cf\"><div class=\"g-cols vc_row via_flex valign_middle type_default stacking_default\"><div class=\"vc_col-sm-7 wpb_column vc_column_container us_animate_afl\" style=\"animation-delay:0.2s\"><div class=\"vc_column-inner\"><div class=\"wpb_wrapper\"><div class=\"w-image align_left\"><div class=\"w-image-h\"><img decoding=\"async\" width=\"570\" height=\"338\" src=\"https:\/\/grafenprofessional.eu\/wp-content\/uploads\/2018\/06\/mapa.png\" class=\"attachment-full size-full\" alt=\"Mapa \u015bwiata\" loading=\"lazy\" srcset=\"https:\/\/grafenprofessional.eu\/wp-content\/uploads\/2018\/06\/mapa.png 570w, https:\/\/grafenprofessional.eu\/wp-content\/uploads\/2018\/06\/mapa-300x178.png 300w\" sizes=\"auto, (max-width: 570px) 100vw, 570px\" \/><\/div><\/div><\/div><\/div><\/div><div class=\"vc_col-sm-5 wpb_column vc_column_container mob-pt us_animate_afr\" style=\"animation-delay:0.2s\"><div class=\"vc_column-inner\"><div class=\"wpb_wrapper\"><div class=\"wpb_text_column\"><div class=\"wpb_wrapper\"><h2><strong>Bereich<\/strong> der Zusammenarbeit<\/h2>\n<p>Wir bedienen viele L\u00e4nder der Welt und liefern unsere Produkte an viele Standorten.<\/p>\n<\/div><\/div><\/div><\/div><\/div><\/div><\/div><\/section><section class=\"l-section wpb_row height_auto\"><div class=\"l-section-h i-cf\"><div class=\"g-cols vc_row via_flex valign_top type_default stacking_default\"><div class=\"vc_col-sm-12 wpb_column vc_column_container\"><div class=\"vc_column-inner\"><div class=\"wpb_wrapper\"><div class=\"w-separator sp-pd-line size_medium with_line width_default thick_1 style_solid color_border align_center\"><div class=\"w-separator-h\"><\/div><\/div><\/div><\/div><\/div><\/div><\/div><\/section><section class=\"l-section wpb_row height_auto\" id=\"kontakt\"><div class=\"l-section-h i-cf\"><div class=\"g-cols vc_row via_flex valign_bottom type_default stacking_default\"><div class=\"vc_col-sm-7 wpb_column vc_column_container\"><div class=\"vc_column-inner\"><div class=\"wpb_wrapper\"><div class=\"wpb_text_column\"><div class=\"wpb_wrapper\"><h2><strong>Kontaktiere<\/strong> uns!<\/h2>\n<\/div><\/div><div class=\"w-separator size_medium\"><\/div><div class=\"g-cols wpb_row via_flex valign_top type_default stacking_default\"><div class=\"vc_col-sm-4 wpb_column vc_column_container us_animate_afl\" style=\"animation-delay:0.2s\"><div class=\"vc_column-inner\"><div class=\"wpb_wrapper\"><div class=\"w-image fw-img align_left\"><div class=\"w-image-h\"><img decoding=\"async\" width=\"30\" height=\"30\" src=\"https:\/\/grafenprofessional.eu\/wp-content\/uploads\/2018\/06\/contact-icon-01.png\" class=\"attachment-full size-full\" alt=\"\" loading=\"lazy\" \/><\/div><\/div><div class=\"wpb_text_column\"><div class=\"wpb_wrapper\"><p><strong>Baustoffchemie:<\/strong><br \/>\ninfo@grafenprofessional.eu<br \/>\n+48 12 683 96 11<\/p>\n<\/div><\/div><\/div><\/div><\/div><div class=\"vc_col-sm-5 wpb_column vc_column_container us_animate_afb\" style=\"animation-delay:0.2s\"><div class=\"vc_column-inner\"><div class=\"wpb_wrapper\"><div class=\"w-image fw-img align_left\"><div class=\"w-image-h\"><img decoding=\"async\" width=\"30\" height=\"30\" src=\"https:\/\/grafenprofessional.eu\/wp-content\/uploads\/2018\/06\/contact-icon-02.png\" class=\"attachment-full size-full\" alt=\"\" loading=\"lazy\" \/><\/div><\/div><div class=\"wpb_text_column\"><div class=\"wpb_wrapper\"><p><strong>Autochemie:<\/strong><br \/>\nautomotive@grafenprofessional.eu<br \/>\n+48 12 683 96 23<\/p>\n<\/div><\/div><\/div><\/div><\/div><div class=\"vc_col-sm-3 wpb_column vc_column_container us_animate_afr\" style=\"animation-delay:0.2s\"><div class=\"vc_column-inner\"><div class=\"wpb_wrapper\"><div class=\"w-image fw-img align_left\"><div class=\"w-image-h\"><img decoding=\"async\" width=\"30\" height=\"30\" src=\"https:\/\/grafenprofessional.eu\/wp-content\/uploads\/2018\/06\/contact-icon-03.png\" class=\"attachment-full size-full\" alt=\"\" loading=\"lazy\" \/><\/div><\/div><div class=\"wpb_text_column\"><div class=\"wpb_wrapper\"><p><strong>Offen:<\/strong><br \/>\n07:00 \u2013 16:00<\/p>\n<\/div><\/div><\/div><\/div><\/div><\/div><div class=\"w-separator size_medium\"><\/div>\n<div class=\"wpcf7 no-js\" id=\"wpcf7-f911-o1\" lang=\"pl-PL\" dir=\"ltr\" data-wpcf7-id=\"911\">\n<div class=\"screen-reader-response\"><p role=\"status\" aria-live=\"polite\" aria-atomic=\"true\"><\/p> <ul><\/ul><\/div>\n<form action=\"\/de\/wp-json\/wp\/v2\/pages\/892#wpcf7-f911-o1\" method=\"post\" class=\"wpcf7-form init wpcf7-acceptance-as-validation\" aria-label=\"Formularz kontaktowy\" novalidate=\"novalidate\" data-status=\"init\">\n<div style=\"display: none;\">\n<input type=\"hidden\" name=\"_wpcf7\" value=\"911\" \/>\n<input type=\"hidden\" name=\"_wpcf7_version\" value=\"6.0\" \/>\n<input type=\"hidden\" name=\"_wpcf7_locale\" value=\"pl_PL\" \/>\n<input type=\"hidden\" name=\"_wpcf7_unit_tag\" value=\"wpcf7-f911-o1\" \/>\n<input type=\"hidden\" name=\"_wpcf7_container_post\" value=\"0\" \/>\n<input type=\"hidden\" name=\"_wpcf7_posted_data_hash\" value=\"\" \/>\n<input type=\"hidden\" name=\"_wpcf7_recaptcha_response\" value=\"\" \/>\n<\/div>\n<p class=\"fl-l\"><span class=\"wpcf7-form-control-wrap\" data-name=\"your-name\"><input size=\"40\" maxlength=\"400\" class=\"wpcf7-form-control wpcf7-text wpcf7-validates-as-required\" aria-required=\"true\" aria-invalid=\"false\" placeholder=\"Vorname und Name\" value=\"\" type=\"text\" name=\"your-name\" \/><\/span>\n<\/p>\n<p class=\"fl-r\"><span class=\"wpcf7-form-control-wrap\" data-name=\"tel-268\"><input size=\"40\" maxlength=\"400\" class=\"wpcf7-form-control wpcf7-tel wpcf7-text wpcf7-validates-as-tel\" aria-invalid=\"false\" placeholder=\"Telefonnummer\" value=\"\" type=\"tel\" name=\"tel-268\" \/><\/span>\n<\/p>\n<p><span class=\"wpcf7-form-control-wrap\" data-name=\"your-email\"><input size=\"40\" maxlength=\"400\" class=\"wpcf7-form-control wpcf7-email wpcf7-validates-as-required wpcf7-text wpcf7-validates-as-email\" aria-required=\"true\" aria-invalid=\"false\" placeholder=\"Email\" value=\"\" type=\"email\" name=\"your-email\" \/><\/span>\n<\/p>\n<p class=\"selct\"><span class=\"wpcf7-form-control-wrap\" data-name=\"menu-174\"><select class=\"wpcf7-form-control wpcf7-select\" aria-invalid=\"false\" name=\"menu-174\"><option value=\"W\u00e4hlen Sie die Abteilung aus, die Sie anschreiben wollen\">W\u00e4hlen Sie die Abteilung aus, die Sie anschreiben wollen<\/option><option value=\"Baustoffchemie\">Baustoffchemie<\/option><option value=\"Autochemie\">Autochemie<\/option><\/select><\/span>\n<\/p>\n<p><span class=\"wpcf7-form-control-wrap\" data-name=\"your-message\"><textarea cols=\"40\" rows=\"10\" maxlength=\"2000\" class=\"wpcf7-form-control wpcf7-textarea\" aria-invalid=\"false\" placeholder=\"Nachricht\" name=\"your-message\"><\/textarea><\/span>\n<\/p>\n<p><span class=\"wpcf7-form-control-wrap\" data-name=\"acceptance-482\"><span class=\"wpcf7-form-control wpcf7-acceptance\"><span class=\"wpcf7-list-item\"><label><input type=\"checkbox\" name=\"acceptance-482\" value=\"1\" aria-invalid=\"false\" \/><span class=\"wpcf7-list-item-label\">Ich stimme der Bearbeitung der o.g.  Daten im Sinne des Gesetzes vom 29. August 1997 \u00fcber den Schutz personenbezogener Daten zu (Gesetzblatt Nr. 133, Pos. 883 von 1997).<\/span><\/label><\/span><\/span><\/span>\n<\/p>\n<p><input class=\"wpcf7-form-control wpcf7-submit has-spinner\" type=\"submit\" value=\"Senden\" \/>\n<\/p><p style=\"display: none !important;\" class=\"akismet-fields-container\" data-prefix=\"_wpcf7_ak_\"><label>&#916;<textarea name=\"_wpcf7_ak_hp_textarea\" cols=\"45\" rows=\"8\" maxlength=\"100\"><\/textarea><\/label><input type=\"hidden\" id=\"ak_js_1\" name=\"_wpcf7_ak_js\" value=\"61\"\/><script>document.getElementById( \"ak_js_1\" ).setAttribute( \"value\", ( new Date() ).getTime() );<\/script><\/p><div class=\"wpcf7-response-output\" aria-hidden=\"true\"><\/div>\n<\/form>\n<\/div>\n<div class=\"w-separator size_medium\"><\/div><\/div><\/div><\/div><div class=\"vc_col-sm-5 wpb_column vc_column_container\"><div class=\"vc_column-inner\"><div class=\"wpb_wrapper\"><div class=\"w-image align_center\"><div class=\"w-image-h\"><img decoding=\"async\" width=\"570\" height=\"776\" src=\"https:\/\/grafenprofessional.eu\/wp-content\/uploads\/2018\/06\/kontakt-zdjecie-kobieta.jpg\" class=\"attachment-full size-full\" alt=\"Pani z Grafen\" loading=\"lazy\" srcset=\"https:\/\/grafenprofessional.eu\/wp-content\/uploads\/2018\/06\/kontakt-zdjecie-kobieta.jpg 570w, https:\/\/grafenprofessional.eu\/wp-content\/uploads\/2018\/06\/kontakt-zdjecie-kobieta-220x300.jpg 220w\" sizes=\"auto, (max-width: 570px) 100vw, 570px\" \/><\/div><\/div><\/div><\/div><\/div><\/div><\/div><\/section>\n","protected":false},"excerpt":{"rendered":"Klimaanlagenreiniger Klimaanlagenreiniger (Granate) 150 ml KLIMAANLAGENREINIGER (Granate) Spray von GRAFEN PROFESSIONAL zum einmaligen Gebrauch wird zur Klimaanlagenreinigung genutzt. Die Eigenschaften von dem Produkt erm\u00f6glichen eine gr\u00fcndliche Reinigung ohne chemische Ablagerungen. Es t\u00f6tet Mikroorganismen wie Bakterien, Schimmel ab und entfernt \u00fcblere Ger\u00fcche. Zum Download: SicherheitsdatenblattAnwendung: 1. Lesen Sie vor der Anwendung den Warnhinweis auf der Verpackung...","protected":false},"author":1,"featured_media":0,"parent":0,"menu_order":0,"comment_status":"closed","ping_status":"closed","template":"","meta":{"_acf_changed":false,"footnotes":""},"class_list":["post-892","page","type-page","status-publish","hentry"],"acf":[],"yoast_head":"<!-- This site is optimized with the Yoast SEO plugin v27.4 - https:\/\/yoast.com\/product\/yoast-seo-wordpress\/ -->\n<title>Grafen Professional - Baustoffchemie, Autochemie, Hydraulik<\/title>\n<meta name=\"description\" content=\"Wir sind ein Weltklasse-Produzent von Bau- und KFZ -Chemie. Wir bieten unseren Kunden Produkte und L\u00f6sungen von h\u00f6chster Qualit\u00e4t an.\" \/>\n<meta name=\"robots\" content=\"index, follow, max-snippet:-1, max-image-preview:large, max-video-preview:-1\" \/>\n<link rel=\"canonical\" href=\"https:\/\/grafenprofessional.eu\/de\/\" \/>\n<meta property=\"og:locale\" content=\"de_DE\" \/>\n<meta property=\"og:type\" content=\"article\" \/>\n<meta property=\"og:title\" content=\"Grafen Professional - Baustoffchemie, Autochemie, Hydraulik\" \/>\n<meta property=\"og:description\" content=\"Wir sind ein Weltklasse-Produzent von Bau- und KFZ -Chemie. Wir bieten unseren Kunden Produkte und L\u00f6sungen von h\u00f6chster Qualit\u00e4t an.\" \/>\n<meta property=\"og:url\" content=\"https:\/\/grafenprofessional.eu\/de\/\" \/>\n<meta property=\"og:site_name\" content=\"Grafen Professional\" \/>\n<meta property=\"article:publisher\" content=\"https:\/\/www.facebook.com\/GrafenProfessional\" \/>\n<meta property=\"article:modified_time\" content=\"2025-04-10T07:08:05+00:00\" \/>\n<meta property=\"og:image\" content=\"https:\/\/grafenprofessional.eu\/wp-content\/uploads\/2018\/08\/grafen-obrazek-fb.jpg\" \/>\n\t<meta property=\"og:image:width\" content=\"600\" \/>\n\t<meta property=\"og:image:height\" content=\"315\" \/>\n\t<meta property=\"og:image:type\" content=\"image\/jpeg\" \/>\n<meta name=\"twitter:card\" content=\"summary_large_image\" \/>\n<meta name=\"twitter:label1\" content=\"Gesch\u00e4tzte Lesezeit\" \/>\n\t<meta name=\"twitter:data1\" content=\"3\u00a0Minuten\" \/>\n<script type=\"application\/ld+json\" class=\"yoast-schema-graph\">{\"@context\":\"https:\\\/\\\/schema.org\",\"@graph\":[{\"@type\":\"WebPage\",\"@id\":\"https:\\\/\\\/grafenprofessional.eu\\\/de\\\/\",\"url\":\"https:\\\/\\\/grafenprofessional.eu\\\/de\\\/\",\"name\":\"Grafen Professional - Baustoffchemie, Autochemie, Hydraulik\",\"isPartOf\":{\"@id\":\"https:\\\/\\\/grafenprofessional.eu\\\/de\\\/#website\"},\"datePublished\":\"2018-06-10T00:42:16+00:00\",\"dateModified\":\"2025-04-10T07:08:05+00:00\",\"description\":\"Wir sind ein Weltklasse-Produzent von Bau- und KFZ -Chemie. Wir bieten unseren Kunden Produkte und L\u00f6sungen von h\u00f6chster Qualit\u00e4t an.\",\"breadcrumb\":{\"@id\":\"https:\\\/\\\/grafenprofessional.eu\\\/de\\\/#breadcrumb\"},\"inLanguage\":\"de\",\"potentialAction\":[{\"@type\":\"ReadAction\",\"target\":[\"https:\\\/\\\/grafenprofessional.eu\\\/de\\\/\"]}]},{\"@type\":\"BreadcrumbList\",\"@id\":\"https:\\\/\\\/grafenprofessional.eu\\\/de\\\/#breadcrumb\",\"itemListElement\":[{\"@type\":\"ListItem\",\"position\":1,\"name\":\"Strona g\u0142\u00f3wna\",\"item\":\"https:\\\/\\\/grafenprofessional.eu\\\/de\\\/\"},{\"@type\":\"ListItem\",\"position\":2,\"name\":\"Strona g\u0142\u00f3wna\"}]},{\"@type\":\"WebSite\",\"@id\":\"https:\\\/\\\/grafenprofessional.eu\\\/de\\\/#website\",\"url\":\"https:\\\/\\\/grafenprofessional.eu\\\/de\\\/\",\"name\":\"Grafen Professional\",\"description\":\"Chemia budowlana i motoryzacyjna\",\"publisher\":{\"@id\":\"https:\\\/\\\/grafenprofessional.eu\\\/de\\\/#organization\"},\"alternateName\":\"Producent Chemii Budowlanej i Motoryzacyjnej\",\"potentialAction\":[{\"@type\":\"SearchAction\",\"target\":{\"@type\":\"EntryPoint\",\"urlTemplate\":\"https:\\\/\\\/grafenprofessional.eu\\\/de\\\/?s={search_term_string}\"},\"query-input\":{\"@type\":\"PropertyValueSpecification\",\"valueRequired\":true,\"valueName\":\"search_term_string\"}}],\"inLanguage\":\"de\"},{\"@type\":\"Organization\",\"@id\":\"https:\\\/\\\/grafenprofessional.eu\\\/de\\\/#organization\",\"name\":\"Grafen Professional\",\"alternateName\":\"Producent chemii budowlanej i samchodowej\",\"url\":\"https:\\\/\\\/grafenprofessional.eu\\\/de\\\/\",\"logo\":{\"@type\":\"ImageObject\",\"inLanguage\":\"de\",\"@id\":\"https:\\\/\\\/grafenprofessional.eu\\\/de\\\/#\\\/schema\\\/logo\\\/image\\\/\",\"url\":\"https:\\\/\\\/grafenprofessional.eu\\\/wp-content\\\/uploads\\\/2018\\\/06\\\/logo-grafen-professional-1.png\",\"contentUrl\":\"https:\\\/\\\/grafenprofessional.eu\\\/wp-content\\\/uploads\\\/2018\\\/06\\\/logo-grafen-professional-1.png\",\"width\":168,\"height\":70,\"caption\":\"Grafen Professional\"},\"image\":{\"@id\":\"https:\\\/\\\/grafenprofessional.eu\\\/de\\\/#\\\/schema\\\/logo\\\/image\\\/\"},\"sameAs\":[\"https:\\\/\\\/www.facebook.com\\\/GrafenProfessional\",\"https:\\\/\\\/www.instagram.com\\\/grafen_professional\\\/\"]}]}<\/script>\n<!-- \/ Yoast SEO plugin. -->","yoast_head_json":{"title":"Grafen Professional - Baustoffchemie, Autochemie, Hydraulik","description":"Wir sind ein Weltklasse-Produzent von Bau- und KFZ -Chemie. Wir bieten unseren Kunden Produkte und L\u00f6sungen von h\u00f6chster Qualit\u00e4t an.","robots":{"index":"index","follow":"follow","max-snippet":"max-snippet:-1","max-image-preview":"max-image-preview:large","max-video-preview":"max-video-preview:-1"},"canonical":"https:\/\/grafenprofessional.eu\/de\/","og_locale":"de_DE","og_type":"article","og_title":"Grafen Professional - Baustoffchemie, Autochemie, Hydraulik","og_description":"Wir sind ein Weltklasse-Produzent von Bau- und KFZ -Chemie. Wir bieten unseren Kunden Produkte und L\u00f6sungen von h\u00f6chster Qualit\u00e4t an.","og_url":"https:\/\/grafenprofessional.eu\/de\/","og_site_name":"Grafen Professional","article_publisher":"https:\/\/www.facebook.com\/GrafenProfessional","article_modified_time":"2025-04-10T07:08:05+00:00","og_image":[{"width":600,"height":315,"url":"https:\/\/grafenprofessional.eu\/wp-content\/uploads\/2018\/08\/grafen-obrazek-fb.jpg","type":"image\/jpeg"}],"twitter_card":"summary_large_image","twitter_misc":{"Gesch\u00e4tzte Lesezeit":"3\u00a0Minuten"},"schema":{"@context":"https:\/\/schema.org","@graph":[{"@type":"WebPage","@id":"https:\/\/grafenprofessional.eu\/de\/","url":"https:\/\/grafenprofessional.eu\/de\/","name":"Grafen Professional - Baustoffchemie, Autochemie, Hydraulik","isPartOf":{"@id":"https:\/\/grafenprofessional.eu\/de\/#website"},"datePublished":"2018-06-10T00:42:16+00:00","dateModified":"2025-04-10T07:08:05+00:00","description":"Wir sind ein Weltklasse-Produzent von Bau- und KFZ -Chemie. Wir bieten unseren Kunden Produkte und L\u00f6sungen von h\u00f6chster Qualit\u00e4t an.","breadcrumb":{"@id":"https:\/\/grafenprofessional.eu\/de\/#breadcrumb"},"inLanguage":"de","potentialAction":[{"@type":"ReadAction","target":["https:\/\/grafenprofessional.eu\/de\/"]}]},{"@type":"BreadcrumbList","@id":"https:\/\/grafenprofessional.eu\/de\/#breadcrumb","itemListElement":[{"@type":"ListItem","position":1,"name":"Strona g\u0142\u00f3wna","item":"https:\/\/grafenprofessional.eu\/de\/"},{"@type":"ListItem","position":2,"name":"Strona g\u0142\u00f3wna"}]},{"@type":"WebSite","@id":"https:\/\/grafenprofessional.eu\/de\/#website","url":"https:\/\/grafenprofessional.eu\/de\/","name":"Grafen Professional","description":"Chemia budowlana i motoryzacyjna","publisher":{"@id":"https:\/\/grafenprofessional.eu\/de\/#organization"},"alternateName":"Producent Chemii Budowlanej i Motoryzacyjnej","potentialAction":[{"@type":"SearchAction","target":{"@type":"EntryPoint","urlTemplate":"https:\/\/grafenprofessional.eu\/de\/?s={search_term_string}"},"query-input":{"@type":"PropertyValueSpecification","valueRequired":true,"valueName":"search_term_string"}}],"inLanguage":"de"},{"@type":"Organization","@id":"https:\/\/grafenprofessional.eu\/de\/#organization","name":"Grafen Professional","alternateName":"Producent chemii budowlanej i samchodowej","url":"https:\/\/grafenprofessional.eu\/de\/","logo":{"@type":"ImageObject","inLanguage":"de","@id":"https:\/\/grafenprofessional.eu\/de\/#\/schema\/logo\/image\/","url":"https:\/\/grafenprofessional.eu\/wp-content\/uploads\/2018\/06\/logo-grafen-professional-1.png","contentUrl":"https:\/\/grafenprofessional.eu\/wp-content\/uploads\/2018\/06\/logo-grafen-professional-1.png","width":168,"height":70,"caption":"Grafen Professional"},"image":{"@id":"https:\/\/grafenprofessional.eu\/de\/#\/schema\/logo\/image\/"},"sameAs":["https:\/\/www.facebook.com\/GrafenProfessional","https:\/\/www.instagram.com\/grafen_professional\/"]}]}},"_links":{"self":[{"href":"https:\/\/grafenprofessional.eu\/de\/wp-json\/wp\/v2\/pages\/892","targetHints":{"allow":["GET"]}}],"collection":[{"href":"https:\/\/grafenprofessional.eu\/de\/wp-json\/wp\/v2\/pages"}],"about":[{"href":"https:\/\/grafenprofessional.eu\/de\/wp-json\/wp\/v2\/types\/page"}],"author":[{"embeddable":true,"href":"https:\/\/grafenprofessional.eu\/de\/wp-json\/wp\/v2\/users\/1"}],"replies":[{"embeddable":true,"href":"https:\/\/grafenprofessional.eu\/de\/wp-json\/wp\/v2\/comments?post=892"}],"version-history":[{"count":10,"href":"https:\/\/grafenprofessional.eu\/de\/wp-json\/wp\/v2\/pages\/892\/revisions"}],"predecessor-version":[{"id":8361,"href":"https:\/\/grafenprofessional.eu\/de\/wp-json\/wp\/v2\/pages\/892\/revisions\/8361"}],"wp:attachment":[{"href":"https:\/\/grafenprofessional.eu\/de\/wp-json\/wp\/v2\/media?parent=892"}],"curies":[{"name":"wp","href":"https:\/\/api.w.org\/{rel}","templated":true}]}}